{"id":227,"date":"2021-03-17T11:58:43","date_gmt":"2021-03-17T11:58:43","guid":{"rendered":"https:\/\/galerie-nudel.de\/?page_id=227"},"modified":"2026-03-18T16:53:50","modified_gmt":"2026-03-18T16:53:50","slug":"aktuelle-werke","status":"publish","type":"page","link":"https:\/\/galerie-nudel.de\/index.php\/viktor-kovalyk\/aktuelle-werke\/","title":{"rendered":"Gro\u00dfe Werke"},"content":{"rendered":"\t\t<div data-elementor-type=\"wp-page\" data-elementor-id=\"227\" class=\"elementor elementor-227\">\n\t\t\t\t\t\t<section class=\"elementor-section elementor-top-section elementor-element elementor-element-493b7bd elementor-section-boxed elementor-section-height-default elementor-section-height-default\" data-id=\"493b7bd\" data-element_type=\"section\" data-e-type=\"section\">\n\t\t\t\t\t\t<div class=\"elementor-container elementor-column-gap-default\">\n\t\t\t\t\t<div class=\"elementor-column elementor-col-100 elementor-top-column elementor-element elementor-element-c93b7cf\" data-id=\"c93b7cf\" data-element_type=\"column\" data-e-type=\"column\">\n\t\t\t<div class=\"elementor-widget-wrap\">\n\t\t\t\t\t\t\t<\/div>\n\t\t<\/div>\n\t\t\t\t\t<\/div>\n\t\t<\/section>\n\t\t\t\t<section class=\"elementor-section elementor-top-section elementor-element elementor-element-cc1595b elementor-section-boxed elementor-section-height-default elementor-section-height-default\" data-id=\"cc1595b\" data-element_type=\"section\" data-e-type=\"section\">\n\t\t\t\t\t\t<div class=\"elementor-container elementor-column-gap-default\">\n\t\t\t\t\t<div class=\"elementor-column elementor-col-100 elementor-top-column elementor-element elementor-element-e780a36\" data-id=\"e780a36\" data-element_type=\"column\" data-e-type=\"column\">\n\t\t\t<div class=\"elementor-widget-wrap elementor-element-populated\">\n\t\t\t\t\t\t<div class=\"elementor-element elementor-element-24ef4c1 elementor-widget elementor-widget-heading\" data-id=\"24ef4c1\" data-element_type=\"widget\" data-e-type=\"widget\" data-widget_type=\"heading.default\">\n\t\t\t\t<div class=\"elementor-widget-container\">\n\t\t\t\t\t<h3 class=\"elementor-heading-title elementor-size-default\">Viktor Kovalyk<\/h3>\t\t\t\t<\/div>\n\t\t\t\t<\/div>\n\t\t\t\t<div class=\"elementor-element elementor-element-5d0f180 elementor-widget elementor-widget-heading\" data-id=\"5d0f180\" data-element_type=\"widget\" data-e-type=\"widget\" data-widget_type=\"heading.default\">\n\t\t\t\t<div class=\"elementor-widget-container\">\n\t\t\t\t\t<h2 class=\"elementor-heading-title elementor-size-default\">Gro\u00dfe Werke<\/h2>\t\t\t\t<\/div>\n\t\t\t\t<\/div>\n\t\t\t\t<div class=\"elementor-element elementor-element-89a27a6 elementor-widget-divider--view-line elementor-widget elementor-widget-divider\" data-id=\"89a27a6\" data-element_type=\"widget\" data-e-type=\"widget\" data-widget_type=\"divider.default\">\n\t\t\t\t<div class=\"elementor-widget-container\">\n\t\t\t\t\t\t\t<div class=\"elementor-divider\">\n\t\t\t<span class=\"elementor-divider-separator\">\n\t\t\t\t\t\t<\/span>\n\t\t<\/div>\n\t\t\t\t\t\t<\/div>\n\t\t\t\t<\/div>\n\t\t\t\t<div class=\"elementor-element elementor-element-c572961 custom-gallery elementor-widget elementor-widget-image-gallery\" data-id=\"c572961\" data-element_type=\"widget\" data-e-type=\"widget\" data-widget_type=\"image-gallery.default\">\n\t\t\t\t<div class=\"elementor-widget-container\">\n\t\t\t\t\t\t\t<div class=\"elementor-image-gallery\">\n\t\t\t<div id='gallery-1' class='gallery galleryid-227 gallery-columns-3 gallery-size-large'><figure class='gallery-item'>\n\t\t\t<div class='gallery-icon landscape'>\n\t\t\t\t<a data-elementor-open-lightbox=\"yes\" data-elementor-lightbox-slideshow=\"c572961\" data-elementor-lightbox-title=\"Bl\u00fctenrausch, Leinen, Acryl, 135x90 cm, Buntglas\" data-e-action-hash=\"#elementor-action%3Aaction%3Dlightbox%26settings%3DeyJpZCI6MjY4OCwidXJsIjoiaHR0cHM6XC9cL2dhbGVyaWUtbnVkZWwuZGVcL3dwLWNvbnRlbnRcL3VwbG9hZHNcLzIwMjZcLzAzXC9CbHVldGVucmF1c2NoLUxlaW5lbi1BY3J5bC0xMzV4OTAtY20tQnVudGdsYXMuanBnIiwic2xpZGVzaG93IjoiYzU3Mjk2MSJ9\" href='https:\/\/galerie-nudel.de\/wp-content\/uploads\/2026\/03\/Bluetenrausch-Leinen-Acryl-135x90-cm-Buntglas.jpg'><img fetchpriority=\"high\" decoding=\"async\" width=\"1024\" height=\"667\" src=\"https:\/\/galerie-nudel.de\/wp-content\/uploads\/2026\/03\/Bluetenrausch-Leinen-Acryl-135x90-cm-Buntglas-1024x667.jpg\" class=\"attachment-large size-large\" alt=\"\" aria-describedby=\"gallery-1-2688\" srcset=\"https:\/\/galerie-nudel.de\/wp-content\/uploads\/2026\/03\/Bluetenrausch-Leinen-Acryl-135x90-cm-Buntglas-1024x667.jpg 1024w, https:\/\/galerie-nudel.de\/wp-content\/uploads\/2026\/03\/Bluetenrausch-Leinen-Acryl-135x90-cm-Buntglas-300x195.jpg 300w, https:\/\/galerie-nudel.de\/wp-content\/uploads\/2026\/03\/Bluetenrausch-Leinen-Acryl-135x90-cm-Buntglas.jpg 1658w\" sizes=\"(max-width: 1024px) 100vw, 1024px\" \/><\/a>\n\t\t\t<\/div>\n\t\t\t\t<figcaption class='wp-caption-text gallery-caption' id='gallery-1-2688'>\n\t\t\t\tBl\u00fctenrausch, Leinen, Acryl, 135&#215;90 cm, Buntglas\n\t\t\t\t<\/figcaption><\/figure><figure class='gallery-item'>\n\t\t\t<div class='gallery-icon landscape'>\n\t\t\t\t<a data-elementor-open-lightbox=\"yes\" data-elementor-lightbox-slideshow=\"c572961\" data-elementor-lightbox-title=\"Triptychon Blueten, Acryl, Vitrailglas, Lack auf Leinwand, 170x85cm je Teil, plastische Ausfuehrung\" data-e-action-hash=\"#elementor-action%3Aaction%3Dlightbox%26settings%3DeyJpZCI6MjY1NCwidXJsIjoiaHR0cHM6XC9cL2dhbGVyaWUtbnVkZWwuZGVcL3dwLWNvbnRlbnRcL3VwbG9hZHNcLzIwMjZcLzAxXC9UcmlwdHljaG9uX0JsdWV0ZW5fQWNyeWxfVml0cmFpbGdsYXNfTGFja19hdWZfTGVpbndhbmRfMTcweDg1Y21famVfVGVpbF9wbGFzdGlzY2hlX0F1c2Z1ZWhydW5nLmpwZyIsInNsaWRlc2hvdyI6ImM1NzI5NjEifQ%3D%3D\" href='https:\/\/galerie-nudel.de\/wp-content\/uploads\/2026\/01\/Triptychon_Blueten_Acryl_Vitrailglas_Lack_auf_Leinwand_170x85cm_je_Teil_plastische_Ausfuehrung.jpg'><img decoding=\"async\" width=\"1024\" height=\"698\" src=\"https:\/\/galerie-nudel.de\/wp-content\/uploads\/2026\/01\/Triptychon_Blueten_Acryl_Vitrailglas_Lack_auf_Leinwand_170x85cm_je_Teil_plastische_Ausfuehrung-1024x698.jpg\" class=\"attachment-large size-large\" alt=\"\" aria-describedby=\"gallery-1-2654\" srcset=\"https:\/\/galerie-nudel.de\/wp-content\/uploads\/2026\/01\/Triptychon_Blueten_Acryl_Vitrailglas_Lack_auf_Leinwand_170x85cm_je_Teil_plastische_Ausfuehrung-1024x698.jpg 1024w, https:\/\/galerie-nudel.de\/wp-content\/uploads\/2026\/01\/Triptychon_Blueten_Acryl_Vitrailglas_Lack_auf_Leinwand_170x85cm_je_Teil_plastische_Ausfuehrung-300x205.jpg 300w, https:\/\/galerie-nudel.de\/wp-content\/uploads\/2026\/01\/Triptychon_Blueten_Acryl_Vitrailglas_Lack_auf_Leinwand_170x85cm_je_Teil_plastische_Ausfuehrung.jpg 1584w\" sizes=\"(max-width: 1024px) 100vw, 1024px\" \/><\/a>\n\t\t\t<\/div>\n\t\t\t\t<figcaption class='wp-caption-text gallery-caption' id='gallery-1-2654'>\n\t\t\t\tTriptychon Blueten, Acryl, Vitrailglas, Lack auf Leinwand, 170x85cm je Teil, plastische Ausfuehrung\n\t\t\t\t<\/figcaption><\/figure><figure class='gallery-item'>\n\t\t\t<div class='gallery-icon portrait'>\n\t\t\t\t<a data-elementor-open-lightbox=\"yes\" data-elementor-lightbox-slideshow=\"c572961\" data-elementor-lightbox-title=\"Mohnblume, Leinen, Acryl, \u00d6l, Lack, 170x86 cm\" data-e-action-hash=\"#elementor-action%3Aaction%3Dlightbox%26settings%3DeyJpZCI6MjY0OCwidXJsIjoiaHR0cHM6XC9cL2dhbGVyaWUtbnVkZWwuZGVcL3dwLWNvbnRlbnRcL3VwbG9hZHNcLzIwMjVcLzEyXC9Nb2huYmx1bWUtTGVpbmVuLUFjcnlsLU9lbC1MYWNrLTE3MHg4Ni1jbS5qcGciLCJzbGlkZXNob3ciOiJjNTcyOTYxIn0%3D\" href='https:\/\/galerie-nudel.de\/wp-content\/uploads\/2025\/12\/Mohnblume-Leinen-Acryl-Oel-Lack-170x86-cm.jpg'><img decoding=\"async\" width=\"519\" height=\"1024\" src=\"https:\/\/galerie-nudel.de\/wp-content\/uploads\/2025\/12\/Mohnblume-Leinen-Acryl-Oel-Lack-170x86-cm-519x1024.jpg\" class=\"attachment-large size-large\" alt=\"\" aria-describedby=\"gallery-1-2648\" srcset=\"https:\/\/galerie-nudel.de\/wp-content\/uploads\/2025\/12\/Mohnblume-Leinen-Acryl-Oel-Lack-170x86-cm-519x1024.jpg 519w, https:\/\/galerie-nudel.de\/wp-content\/uploads\/2025\/12\/Mohnblume-Leinen-Acryl-Oel-Lack-170x86-cm-152x300.jpg 152w, https:\/\/galerie-nudel.de\/wp-content\/uploads\/2025\/12\/Mohnblume-Leinen-Acryl-Oel-Lack-170x86-cm.jpg 547w\" sizes=\"(max-width: 519px) 100vw, 519px\" \/><\/a>\n\t\t\t<\/div>\n\t\t\t\t<figcaption class='wp-caption-text gallery-caption' id='gallery-1-2648'>\n\t\t\t\tMohnblume, Leinen, Acryl, \u00d6l, Lack, 170&#215;86 cm\n\t\t\t\t<\/figcaption><\/figure><figure class='gallery-item'>\n\t\t\t<div class='gallery-icon landscape'>\n\t\t\t\t<a data-elementor-open-lightbox=\"yes\" data-elementor-lightbox-slideshow=\"c572961\" data-elementor-lightbox-title=\"Azurblaue Harmonie, Leinen, Acryl, Buntglas, 145x142 cm\" data-e-action-hash=\"#elementor-action%3Aaction%3Dlightbox%26settings%3DeyJpZCI6MjYyMSwidXJsIjoiaHR0cHM6XC9cL2dhbGVyaWUtbnVkZWwuZGVcL3dwLWNvbnRlbnRcL3VwbG9hZHNcLzIwMjVcLzExXC9BenVyYmxhdWUtSGFybW9uaWUuanBnIiwic2xpZGVzaG93IjoiYzU3Mjk2MSJ9\" href='https:\/\/galerie-nudel.de\/wp-content\/uploads\/2025\/11\/Azurblaue-Harmonie.jpg'><img loading=\"lazy\" decoding=\"async\" width=\"1024\" height=\"997\" src=\"https:\/\/galerie-nudel.de\/wp-content\/uploads\/2025\/11\/Azurblaue-Harmonie-1024x997.jpg\" class=\"attachment-large size-large\" alt=\"\" aria-describedby=\"gallery-1-2621\" srcset=\"https:\/\/galerie-nudel.de\/wp-content\/uploads\/2025\/11\/Azurblaue-Harmonie-1024x997.jpg 1024w, https:\/\/galerie-nudel.de\/wp-content\/uploads\/2025\/11\/Azurblaue-Harmonie-300x292.jpg 300w, https:\/\/galerie-nudel.de\/wp-content\/uploads\/2025\/11\/Azurblaue-Harmonie.jpg 1109w\" sizes=\"(max-width: 1024px) 100vw, 1024px\" \/><\/a>\n\t\t\t<\/div>\n\t\t\t\t<figcaption class='wp-caption-text gallery-caption' id='gallery-1-2621'>\n\t\t\t\tAzurblaue Harmonie, Leinen, Acryl, Buntglas, 145&#215;142 cm\n\t\t\t\t<\/figcaption><\/figure><figure class='gallery-item'>\n\t\t\t<div class='gallery-icon landscape'>\n\t\t\t\t<a data-elementor-open-lightbox=\"yes\" data-elementor-lightbox-slideshow=\"c572961\" data-elementor-lightbox-title=\"Magisches Tal, Acryl, Leinen, 88x57cm\" data-e-action-hash=\"#elementor-action%3Aaction%3Dlightbox%26settings%3DeyJpZCI6MjE3MiwidXJsIjoiaHR0cHM6XC9cL2dhbGVyaWUtbnVkZWwuZGVcL3dwLWNvbnRlbnRcL3VwbG9hZHNcLzIwMjVcLzA5XC9NYWdpc2NoZXMtVGFsLUFjcnlsLUxlaW5lbi04OHg1N2NtLmpwZyIsInNsaWRlc2hvdyI6ImM1NzI5NjEifQ%3D%3D\" href='https:\/\/galerie-nudel.de\/wp-content\/uploads\/2025\/09\/Magisches-Tal-Acryl-Leinen-88x57cm.jpg'><img loading=\"lazy\" decoding=\"async\" width=\"1024\" height=\"652\" src=\"https:\/\/galerie-nudel.de\/wp-content\/uploads\/2025\/09\/Magisches-Tal-Acryl-Leinen-88x57cm-1024x652.jpg\" class=\"attachment-large size-large\" alt=\"\" aria-describedby=\"gallery-1-2172\" srcset=\"https:\/\/galerie-nudel.de\/wp-content\/uploads\/2025\/09\/Magisches-Tal-Acryl-Leinen-88x57cm-1024x652.jpg 1024w, https:\/\/galerie-nudel.de\/wp-content\/uploads\/2025\/09\/Magisches-Tal-Acryl-Leinen-88x57cm-300x191.jpg 300w, https:\/\/galerie-nudel.de\/wp-content\/uploads\/2025\/09\/Magisches-Tal-Acryl-Leinen-88x57cm.jpg 1695w\" sizes=\"(max-width: 1024px) 100vw, 1024px\" \/><\/a>\n\t\t\t<\/div>\n\t\t\t\t<figcaption class='wp-caption-text gallery-caption' id='gallery-1-2172'>\n\t\t\t\tMagisches Tal, Acryl, Leinen, 88x57cm\n\t\t\t\t<\/figcaption><\/figure><figure class='gallery-item'>\n\t\t\t<div class='gallery-icon landscape'>\n\t\t\t\t<a data-elementor-open-lightbox=\"yes\" data-elementor-lightbox-slideshow=\"c572961\" data-elementor-lightbox-title=\"Wege ins Licht, 95X55 cm, Acryl, Leinen\" data-e-action-hash=\"#elementor-action%3Aaction%3Dlightbox%26settings%3DeyJpZCI6MjExMCwidXJsIjoiaHR0cHM6XC9cL2dhbGVyaWUtbnVkZWwuZGVcL3dwLWNvbnRlbnRcL3VwbG9hZHNcLzIwMjVcLzA5XC9XZWdlLWlucy1MaWNodC05NVg1NS1jbS1BY3J5bC1MZWluZW4uanBnIiwic2xpZGVzaG93IjoiYzU3Mjk2MSJ9\" href='https:\/\/galerie-nudel.de\/wp-content\/uploads\/2025\/09\/Wege-ins-Licht-95X55-cm-Acryl-Leinen.jpg'><img loading=\"lazy\" decoding=\"async\" width=\"1024\" height=\"577\" src=\"https:\/\/galerie-nudel.de\/wp-content\/uploads\/2025\/09\/Wege-ins-Licht-95X55-cm-Acryl-Leinen-1024x577.jpg\" class=\"attachment-large size-large\" alt=\"\" aria-describedby=\"gallery-1-2110\" srcset=\"https:\/\/galerie-nudel.de\/wp-content\/uploads\/2025\/09\/Wege-ins-Licht-95X55-cm-Acryl-Leinen-1024x577.jpg 1024w, https:\/\/galerie-nudel.de\/wp-content\/uploads\/2025\/09\/Wege-ins-Licht-95X55-cm-Acryl-Leinen-300x169.jpg 300w, https:\/\/galerie-nudel.de\/wp-content\/uploads\/2025\/09\/Wege-ins-Licht-95X55-cm-Acryl-Leinen.jpg 1918w\" sizes=\"(max-width: 1024px) 100vw, 1024px\" \/><\/a>\n\t\t\t<\/div>\n\t\t\t\t<figcaption class='wp-caption-text gallery-caption' id='gallery-1-2110'>\n\t\t\t\tWege ins Licht, 95X55 cm, Acryl, Leinen\n\t\t\t\t<\/figcaption><\/figure><figure class='gallery-item'>\n\t\t\t<div class='gallery-icon landscape'>\n\t\t\t\t<a data-elementor-open-lightbox=\"yes\" data-elementor-lightbox-slideshow=\"c572961\" data-elementor-lightbox-title=\"Apfelbaum in den Bergen abends, 80x54 cm, Leinen, \u00d6l\" data-e-action-hash=\"#elementor-action%3Aaction%3Dlightbox%26settings%3DeyJpZCI6MjA2NSwidXJsIjoiaHR0cHM6XC9cL2dhbGVyaWUtbnVkZWwuZGVcL3dwLWNvbnRlbnRcL3VwbG9hZHNcLzIwMjVcLzA4XC9BcGZlbGJhdW0taW4tZGVuLUJlcmdlbi1hYmVuZHMtODB4NTQtY20tTGVpbmVuLU9lbC5qcGciLCJzbGlkZXNob3ciOiJjNTcyOTYxIn0%3D\" href='https:\/\/galerie-nudel.de\/wp-content\/uploads\/2025\/08\/Apfelbaum-in-den-Bergen-abends-80x54-cm-Leinen-Oel.jpg'><img loading=\"lazy\" decoding=\"async\" width=\"1024\" height=\"704\" src=\"https:\/\/galerie-nudel.de\/wp-content\/uploads\/2025\/08\/Apfelbaum-in-den-Bergen-abends-80x54-cm-Leinen-Oel-1024x704.jpg\" class=\"attachment-large size-large\" alt=\"\" aria-describedby=\"gallery-1-2065\" srcset=\"https:\/\/galerie-nudel.de\/wp-content\/uploads\/2025\/08\/Apfelbaum-in-den-Bergen-abends-80x54-cm-Leinen-Oel-1024x704.jpg 1024w, https:\/\/galerie-nudel.de\/wp-content\/uploads\/2025\/08\/Apfelbaum-in-den-Bergen-abends-80x54-cm-Leinen-Oel-300x206.jpg 300w, https:\/\/galerie-nudel.de\/wp-content\/uploads\/2025\/08\/Apfelbaum-in-den-Bergen-abends-80x54-cm-Leinen-Oel.jpg 1571w\" sizes=\"(max-width: 1024px) 100vw, 1024px\" \/><\/a>\n\t\t\t<\/div>\n\t\t\t\t<figcaption class='wp-caption-text gallery-caption' id='gallery-1-2065'>\n\t\t\t\tApfelbaum in den Bergen abends, 80&#215;54 cm, Leinen, \u00d6l\n\t\t\t\t<\/figcaption><\/figure><figure class='gallery-item'>\n\t\t\t<div class='gallery-icon landscape'>\n\t\t\t\t<a data-elementor-open-lightbox=\"yes\" data-elementor-lightbox-slideshow=\"c572961\" data-elementor-lightbox-title=\"Basketball, 84,5x55 cm, Leinen, Aquarell, Lack\" data-e-action-hash=\"#elementor-action%3Aaction%3Dlightbox%26settings%3DeyJpZCI6MTk3MiwidXJsIjoiaHR0cHM6XC9cL2dhbGVyaWUtbnVkZWwuZGVcL3dwLWNvbnRlbnRcL3VwbG9hZHNcLzIwMjVcLzA4XC9CYXNrZXRiYWxsLTg0NXg1NS1jbS1MZWluZW4tQXF1YXJlbGwtTGFjay5qcGciLCJzbGlkZXNob3ciOiJjNTcyOTYxIn0%3D\" href='https:\/\/galerie-nudel.de\/wp-content\/uploads\/2025\/08\/Basketball-845x55-cm-Leinen-Aquarell-Lack.jpg'><img loading=\"lazy\" decoding=\"async\" width=\"1024\" height=\"648\" src=\"https:\/\/galerie-nudel.de\/wp-content\/uploads\/2025\/08\/Basketball-845x55-cm-Leinen-Aquarell-Lack-1024x648.jpg\" class=\"attachment-large size-large\" alt=\"\" aria-describedby=\"gallery-1-1972\" srcset=\"https:\/\/galerie-nudel.de\/wp-content\/uploads\/2025\/08\/Basketball-845x55-cm-Leinen-Aquarell-Lack-1024x648.jpg 1024w, https:\/\/galerie-nudel.de\/wp-content\/uploads\/2025\/08\/Basketball-845x55-cm-Leinen-Aquarell-Lack-300x190.jpg 300w, https:\/\/galerie-nudel.de\/wp-content\/uploads\/2025\/08\/Basketball-845x55-cm-Leinen-Aquarell-Lack.jpg 1707w\" sizes=\"(max-width: 1024px) 100vw, 1024px\" \/><\/a>\n\t\t\t<\/div>\n\t\t\t\t<figcaption class='wp-caption-text gallery-caption' id='gallery-1-1972'>\n\t\t\t\tBasketball, 84,5&#215;55 cm, Leinen, Aquarell, Lack\n\t\t\t\t<\/figcaption><\/figure><figure class='gallery-item'>\n\t\t\t<div class='gallery-icon landscape'>\n\t\t\t\t<a data-elementor-open-lightbox=\"yes\" data-elementor-lightbox-slideshow=\"c572961\" data-elementor-lightbox-title=\"D\u00e4umelinchen, 120x69 cm, Leinen, Aquarell\" data-e-action-hash=\"#elementor-action%3Aaction%3Dlightbox%26settings%3DeyJpZCI6MTk3MywidXJsIjoiaHR0cHM6XC9cL2dhbGVyaWUtbnVkZWwuZGVcL3dwLWNvbnRlbnRcL3VwbG9hZHNcLzIwMjVcLzA4XC9EYWV1bWVsaW5jaGVuLTEyMHg2OS1jbS1MZWluZW4tQXF1YXJlbGwuanBnIiwic2xpZGVzaG93IjoiYzU3Mjk2MSJ9\" href='https:\/\/galerie-nudel.de\/wp-content\/uploads\/2025\/08\/Daeumelinchen-120x69-cm-Leinen-Aquarell.jpg'><img loading=\"lazy\" decoding=\"async\" width=\"1024\" height=\"587\" src=\"https:\/\/galerie-nudel.de\/wp-content\/uploads\/2025\/08\/Daeumelinchen-120x69-cm-Leinen-Aquarell-1024x587.jpg\" class=\"attachment-large size-large\" alt=\"\" aria-describedby=\"gallery-1-1973\" srcset=\"https:\/\/galerie-nudel.de\/wp-content\/uploads\/2025\/08\/Daeumelinchen-120x69-cm-Leinen-Aquarell-1024x587.jpg 1024w, https:\/\/galerie-nudel.de\/wp-content\/uploads\/2025\/08\/Daeumelinchen-120x69-cm-Leinen-Aquarell-300x172.jpg 300w, https:\/\/galerie-nudel.de\/wp-content\/uploads\/2025\/08\/Daeumelinchen-120x69-cm-Leinen-Aquarell.jpg 1885w\" sizes=\"(max-width: 1024px) 100vw, 1024px\" \/><\/a>\n\t\t\t<\/div>\n\t\t\t\t<figcaption class='wp-caption-text gallery-caption' id='gallery-1-1973'>\n\t\t\t\tD\u00e4umelinchen, 120&#215;69 cm, Leinen, Aquarell\n\t\t\t\t<\/figcaption><\/figure><figure class='gallery-item'>\n\t\t\t<div class='gallery-icon landscape'>\n\t\t\t\t<a data-elementor-open-lightbox=\"yes\" data-elementor-lightbox-slideshow=\"c572961\" data-elementor-lightbox-title=\"Hai, 85x54,5 cm, Leinen, Aquarell, Lack\" data-e-action-hash=\"#elementor-action%3Aaction%3Dlightbox%26settings%3DeyJpZCI6MTk3NSwidXJsIjoiaHR0cHM6XC9cL2dhbGVyaWUtbnVkZWwuZGVcL3dwLWNvbnRlbnRcL3VwbG9hZHNcLzIwMjVcLzA4XC9IYWktODV4NTQ1LWNtLUxlaW5lbi1BcXVhcmVsbC1MYWNrLmpwZyIsInNsaWRlc2hvdyI6ImM1NzI5NjEifQ%3D%3D\" href='https:\/\/galerie-nudel.de\/wp-content\/uploads\/2025\/08\/Hai-85x545-cm-Leinen-Aquarell-Lack.jpg'><img loading=\"lazy\" decoding=\"async\" width=\"1024\" height=\"636\" src=\"https:\/\/galerie-nudel.de\/wp-content\/uploads\/2025\/08\/Hai-85x545-cm-Leinen-Aquarell-Lack-1024x636.jpg\" class=\"attachment-large size-large\" alt=\"\" aria-describedby=\"gallery-1-1975\" srcset=\"https:\/\/galerie-nudel.de\/wp-content\/uploads\/2025\/08\/Hai-85x545-cm-Leinen-Aquarell-Lack-1024x636.jpg 1024w, https:\/\/galerie-nudel.de\/wp-content\/uploads\/2025\/08\/Hai-85x545-cm-Leinen-Aquarell-Lack-300x186.jpg 300w, https:\/\/galerie-nudel.de\/wp-content\/uploads\/2025\/08\/Hai-85x545-cm-Leinen-Aquarell-Lack.jpg 1739w\" sizes=\"(max-width: 1024px) 100vw, 1024px\" \/><\/a>\n\t\t\t<\/div>\n\t\t\t\t<figcaption class='wp-caption-text gallery-caption' id='gallery-1-1975'>\n\t\t\t\tHai, 85&#215;54,5 cm, Leinen, Aquarell, Lack\n\t\t\t\t<\/figcaption><\/figure><figure class='gallery-item'>\n\t\t\t<div class='gallery-icon landscape'>\n\t\t\t\t<a data-elementor-open-lightbox=\"yes\" data-elementor-lightbox-slideshow=\"c572961\" data-elementor-lightbox-title=\"Meerjungfrauen, 120x69 cm, Leinen, Aquarell, Lack\" data-e-action-hash=\"#elementor-action%3Aaction%3Dlightbox%26settings%3DeyJpZCI6MTk3NiwidXJsIjoiaHR0cHM6XC9cL2dhbGVyaWUtbnVkZWwuZGVcL3dwLWNvbnRlbnRcL3VwbG9hZHNcLzIwMjVcLzA4XC9NZWVyanVuZ2ZyYXVlbi0xMjB4NjktY20tTGVpbmVuLUFxdWFyZWxsLUxhY2suanBnIiwic2xpZGVzaG93IjoiYzU3Mjk2MSJ9\" href='https:\/\/galerie-nudel.de\/wp-content\/uploads\/2025\/08\/Meerjungfrauen-120x69-cm-Leinen-Aquarell-Lack.jpg'><img loading=\"lazy\" decoding=\"async\" width=\"1024\" height=\"571\" src=\"https:\/\/galerie-nudel.de\/wp-content\/uploads\/2025\/08\/Meerjungfrauen-120x69-cm-Leinen-Aquarell-Lack-1024x571.jpg\" class=\"attachment-large size-large\" alt=\"\" aria-describedby=\"gallery-1-1976\" srcset=\"https:\/\/galerie-nudel.de\/wp-content\/uploads\/2025\/08\/Meerjungfrauen-120x69-cm-Leinen-Aquarell-Lack-1024x571.jpg 1024w, https:\/\/galerie-nudel.de\/wp-content\/uploads\/2025\/08\/Meerjungfrauen-120x69-cm-Leinen-Aquarell-Lack-300x167.jpg 300w, https:\/\/galerie-nudel.de\/wp-content\/uploads\/2025\/08\/Meerjungfrauen-120x69-cm-Leinen-Aquarell-Lack.jpg 1920w\" sizes=\"(max-width: 1024px) 100vw, 1024px\" \/><\/a>\n\t\t\t<\/div>\n\t\t\t\t<figcaption class='wp-caption-text gallery-caption' id='gallery-1-1976'>\n\t\t\t\tMeerjungfrauen, 120&#215;69 cm, Leinen, Aquarell, Lack\n\t\t\t\t<\/figcaption><\/figure><figure class='gallery-item'>\n\t\t\t<div class='gallery-icon landscape'>\n\t\t\t\t<a data-elementor-open-lightbox=\"yes\" data-elementor-lightbox-slideshow=\"c572961\" data-elementor-lightbox-title=\"Fr\u00fchling, 50x40 cm, Leinen, \u00d6hl\" data-e-action-hash=\"#elementor-action%3Aaction%3Dlightbox%26settings%3DeyJpZCI6MTk3NCwidXJsIjoiaHR0cHM6XC9cL2dhbGVyaWUtbnVkZWwuZGVcL3dwLWNvbnRlbnRcL3VwbG9hZHNcLzIwMjVcLzA4XC9GcnVlaGxpbmctNTB4NDAtY20tTGVpbmVuLU9laGwuanBnIiwic2xpZGVzaG93IjoiYzU3Mjk2MSJ9\" href='https:\/\/galerie-nudel.de\/wp-content\/uploads\/2025\/08\/Fruehling-50x40-cm-Leinen-Oehl.jpg'><img loading=\"lazy\" decoding=\"async\" width=\"1024\" height=\"801\" src=\"https:\/\/galerie-nudel.de\/wp-content\/uploads\/2025\/08\/Fruehling-50x40-cm-Leinen-Oehl-1024x801.jpg\" class=\"attachment-large size-large\" alt=\"\" aria-describedby=\"gallery-1-1974\" srcset=\"https:\/\/galerie-nudel.de\/wp-content\/uploads\/2025\/08\/Fruehling-50x40-cm-Leinen-Oehl-1024x801.jpg 1024w, https:\/\/galerie-nudel.de\/wp-content\/uploads\/2025\/08\/Fruehling-50x40-cm-Leinen-Oehl-300x235.jpg 300w, https:\/\/galerie-nudel.de\/wp-content\/uploads\/2025\/08\/Fruehling-50x40-cm-Leinen-Oehl.jpg 1381w\" sizes=\"(max-width: 1024px) 100vw, 1024px\" \/><\/a>\n\t\t\t<\/div>\n\t\t\t\t<figcaption class='wp-caption-text gallery-caption' id='gallery-1-1974'>\n\t\t\t\tFr\u00fchling, 50&#215;40 cm, Leinen, \u00d6hl\n\t\t\t\t<\/figcaption><\/figure><figure class='gallery-item'>\n\t\t\t<div class='gallery-icon landscape'>\n\t\t\t\t<a data-elementor-open-lightbox=\"yes\" data-elementor-lightbox-slideshow=\"c572961\" data-elementor-lightbox-title=\"Schiff, 82,5+54 cm, Leinen, Aquarell, Lack\" data-e-action-hash=\"#elementor-action%3Aaction%3Dlightbox%26settings%3DeyJpZCI6MTk4MSwidXJsIjoiaHR0cHM6XC9cL2dhbGVyaWUtbnVkZWwuZGVcL3dwLWNvbnRlbnRcL3VwbG9hZHNcLzIwMjVcLzA4XC9TY2hpZmYtODI1NTQtY20tTGVpbmVuLUFxdWFyZWxsLUxhY2suanBnIiwic2xpZGVzaG93IjoiYzU3Mjk2MSJ9\" href='https:\/\/galerie-nudel.de\/wp-content\/uploads\/2025\/08\/Schiff-82554-cm-Leinen-Aquarell-Lack.jpg'><img loading=\"lazy\" decoding=\"async\" width=\"1024\" height=\"664\" src=\"https:\/\/galerie-nudel.de\/wp-content\/uploads\/2025\/08\/Schiff-82554-cm-Leinen-Aquarell-Lack-1024x664.jpg\" class=\"attachment-large size-large\" alt=\"\" aria-describedby=\"gallery-1-1981\" srcset=\"https:\/\/galerie-nudel.de\/wp-content\/uploads\/2025\/08\/Schiff-82554-cm-Leinen-Aquarell-Lack-1024x664.jpg 1024w, https:\/\/galerie-nudel.de\/wp-content\/uploads\/2025\/08\/Schiff-82554-cm-Leinen-Aquarell-Lack-300x195.jpg 300w, https:\/\/galerie-nudel.de\/wp-content\/uploads\/2025\/08\/Schiff-82554-cm-Leinen-Aquarell-Lack.jpg 1665w\" sizes=\"(max-width: 1024px) 100vw, 1024px\" \/><\/a>\n\t\t\t<\/div>\n\t\t\t\t<figcaption class='wp-caption-text gallery-caption' id='gallery-1-1981'>\n\t\t\t\tSchiff, 82,5+54 cm, Leinen, Aquarell, Lack\n\t\t\t\t<\/figcaption><\/figure><figure class='gallery-item'>\n\t\t\t<div class='gallery-icon landscape'>\n\t\t\t\t<a data-elementor-open-lightbox=\"yes\" data-elementor-lightbox-slideshow=\"c572961\" data-elementor-lightbox-title=\"Tennis, 85+59,5 cm, Leinen, Aquarell, Lack\" data-e-action-hash=\"#elementor-action%3Aaction%3Dlightbox%26settings%3DeyJpZCI6MTk4MiwidXJsIjoiaHR0cHM6XC9cL2dhbGVyaWUtbnVkZWwuZGVcL3dwLWNvbnRlbnRcL3VwbG9hZHNcLzIwMjVcLzA4XC9UZW5uaXMtODU1OTUtY20tTGVpbmVuLUFxdWFyZWxsLUxhY2suanBnIiwic2xpZGVzaG93IjoiYzU3Mjk2MSJ9\" href='https:\/\/galerie-nudel.de\/wp-content\/uploads\/2025\/08\/Tennis-85595-cm-Leinen-Aquarell-Lack.jpg'><img loading=\"lazy\" decoding=\"async\" width=\"1024\" height=\"708\" src=\"https:\/\/galerie-nudel.de\/wp-content\/uploads\/2025\/08\/Tennis-85595-cm-Leinen-Aquarell-Lack-1024x708.jpg\" class=\"attachment-large size-large\" alt=\"\" aria-describedby=\"gallery-1-1982\" srcset=\"https:\/\/galerie-nudel.de\/wp-content\/uploads\/2025\/08\/Tennis-85595-cm-Leinen-Aquarell-Lack-1024x708.jpg 1024w, https:\/\/galerie-nudel.de\/wp-content\/uploads\/2025\/08\/Tennis-85595-cm-Leinen-Aquarell-Lack-300x208.jpg 300w, https:\/\/galerie-nudel.de\/wp-content\/uploads\/2025\/08\/Tennis-85595-cm-Leinen-Aquarell-Lack.jpg 1561w\" sizes=\"(max-width: 1024px) 100vw, 1024px\" \/><\/a>\n\t\t\t<\/div>\n\t\t\t\t<figcaption class='wp-caption-text gallery-caption' id='gallery-1-1982'>\n\t\t\t\tTennis, 85+59,5 cm, Leinen, Aquarell, Lack\n\t\t\t\t<\/figcaption><\/figure><figure class='gallery-item'>\n\t\t\t<div class='gallery-icon landscape'>\n\t\t\t\t<a data-elementor-open-lightbox=\"yes\" data-elementor-lightbox-slideshow=\"c572961\" data-elementor-lightbox-title=\"Gefl\u00fcgelte Schatten\u201c 1 Teil, 112 + 78 cm, Material: MDF, Holzrahmen, Glas f\u00fcr Glasmalerei, Technik: Acryl, \u00d6l, 2 Arten von Lack\" data-e-action-hash=\"#elementor-action%3Aaction%3Dlightbox%26settings%3DeyJpZCI6MTk3NywidXJsIjoiaHR0cHM6XC9cL2dhbGVyaWUtbnVkZWwuZGVcL3dwLWNvbnRlbnRcL3VwbG9hZHNcLzIwMjVcLzA4XC9QMjA1MDY0MC0xLmpwZyIsInNsaWRlc2hvdyI6ImM1NzI5NjEifQ%3D%3D\" href='https:\/\/galerie-nudel.de\/wp-content\/uploads\/2025\/08\/P2050640-1.jpg'><img loading=\"lazy\" decoding=\"async\" width=\"1024\" height=\"713\" src=\"https:\/\/galerie-nudel.de\/wp-content\/uploads\/2025\/08\/P2050640-1-1024x713.jpg\" class=\"attachment-large size-large\" alt=\"\" aria-describedby=\"gallery-1-1977\" srcset=\"https:\/\/galerie-nudel.de\/wp-content\/uploads\/2025\/08\/P2050640-1-1024x713.jpg 1024w, https:\/\/galerie-nudel.de\/wp-content\/uploads\/2025\/08\/P2050640-1-300x209.jpg 300w, https:\/\/galerie-nudel.de\/wp-content\/uploads\/2025\/08\/P2050640-1.jpg 1551w\" sizes=\"(max-width: 1024px) 100vw, 1024px\" \/><\/a>\n\t\t\t<\/div>\n\t\t\t\t<figcaption class='wp-caption-text gallery-caption' id='gallery-1-1977'>\n\t\t\t\tGefl\u00fcgelte Schatten\u201c 1 Teil, 112 + 78 cm, Material: MDF, Holzrahmen, Glas f\u00fcr Glasmalerei, Technik: Acryl, \u00d6l, 2 Arten von Lack\n\t\t\t\t<\/figcaption><\/figure><figure class='gallery-item'>\n\t\t\t<div class='gallery-icon landscape'>\n\t\t\t\t<a data-elementor-open-lightbox=\"yes\" data-elementor-lightbox-slideshow=\"c572961\" data-elementor-lightbox-title=\"Gefl\u00fcgelte Schatten\u201c 2 Teil, 112 + 78 cm, Material: MDF, Holzrahmen, Glas f\u00fcr Glasmalerei, Technik: Acryl, \u00d6l, 2 Arten von Lack\" data-e-action-hash=\"#elementor-action%3Aaction%3Dlightbox%26settings%3DeyJpZCI6MTk3OCwidXJsIjoiaHR0cHM6XC9cL2dhbGVyaWUtbnVkZWwuZGVcL3dwLWNvbnRlbnRcL3VwbG9hZHNcLzIwMjVcLzA4XC9QMjA1MDY0Mi0xLmpwZyIsInNsaWRlc2hvdyI6ImM1NzI5NjEifQ%3D%3D\" href='https:\/\/galerie-nudel.de\/wp-content\/uploads\/2025\/08\/P2050642-1.jpg'><img loading=\"lazy\" decoding=\"async\" width=\"1024\" height=\"713\" src=\"https:\/\/galerie-nudel.de\/wp-content\/uploads\/2025\/08\/P2050642-1-1024x713.jpg\" class=\"attachment-large size-large\" alt=\"\" aria-describedby=\"gallery-1-1978\" srcset=\"https:\/\/galerie-nudel.de\/wp-content\/uploads\/2025\/08\/P2050642-1-1024x713.jpg 1024w, https:\/\/galerie-nudel.de\/wp-content\/uploads\/2025\/08\/P2050642-1-300x209.jpg 300w, https:\/\/galerie-nudel.de\/wp-content\/uploads\/2025\/08\/P2050642-1.jpg 1551w\" sizes=\"(max-width: 1024px) 100vw, 1024px\" \/><\/a>\n\t\t\t<\/div>\n\t\t\t\t<figcaption class='wp-caption-text gallery-caption' id='gallery-1-1978'>\n\t\t\t\tGefl\u00fcgelte Schatten\u201c 2 Teil, 112 + 78 cm, Material: MDF, Holzrahmen, Glas f\u00fcr Glasmalerei, Technik: Acryl, \u00d6l, 2 Arten von Lack\n\t\t\t\t<\/figcaption><\/figure><figure class='gallery-item'>\n\t\t\t<div class='gallery-icon landscape'>\n\t\t\t\t<a data-elementor-open-lightbox=\"yes\" data-elementor-lightbox-slideshow=\"c572961\" data-elementor-lightbox-title=\"Gefl\u00fcgelte Schatten\u201c Teil 3, 112 + 78 cm, Material: MDF, Holzrahmen, Glas f\u00fcr Glasmalerei, Technik: Acryl, \u00d6l, 2 Arten von Lack\" data-e-action-hash=\"#elementor-action%3Aaction%3Dlightbox%26settings%3DeyJpZCI6MTk3OSwidXJsIjoiaHR0cHM6XC9cL2dhbGVyaWUtbnVkZWwuZGVcL3dwLWNvbnRlbnRcL3VwbG9hZHNcLzIwMjVcLzA4XC9QMjA1MDY0Ni0xLmpwZyIsInNsaWRlc2hvdyI6ImM1NzI5NjEifQ%3D%3D\" href='https:\/\/galerie-nudel.de\/wp-content\/uploads\/2025\/08\/P2050646-1.jpg'><img loading=\"lazy\" decoding=\"async\" width=\"1024\" height=\"713\" src=\"https:\/\/galerie-nudel.de\/wp-content\/uploads\/2025\/08\/P2050646-1-1024x713.jpg\" class=\"attachment-large size-large\" alt=\"\" aria-describedby=\"gallery-1-1979\" srcset=\"https:\/\/galerie-nudel.de\/wp-content\/uploads\/2025\/08\/P2050646-1-1024x713.jpg 1024w, https:\/\/galerie-nudel.de\/wp-content\/uploads\/2025\/08\/P2050646-1-300x209.jpg 300w, https:\/\/galerie-nudel.de\/wp-content\/uploads\/2025\/08\/P2050646-1.jpg 1551w\" sizes=\"(max-width: 1024px) 100vw, 1024px\" \/><\/a>\n\t\t\t<\/div>\n\t\t\t\t<figcaption class='wp-caption-text gallery-caption' id='gallery-1-1979'>\n\t\t\t\tGefl\u00fcgelte Schatten\u201c 3 Teil, 112 + 78 cm, Material: MDF, Holzrahmen, Glas f\u00fcr Glasmalerei, Technik: Acryl, \u00d6l, 2 Arten von Lack\n\t\t\t\t<\/figcaption><\/figure><figure class='gallery-item'>\n\t\t\t<div class='gallery-icon landscape'>\n\t\t\t\t<a data-elementor-open-lightbox=\"yes\" data-elementor-lightbox-slideshow=\"c572961\" data-elementor-lightbox-title=\"Gefl\u00fcgelte Schatten\u201c Teil 4, 112 + 78 cm, Material: MDF, Holzrahmen, Glas f\u00fcr Glasmalerei, Technik: Acryl, \u00d6l, 2 Arten von Lack\" data-e-action-hash=\"#elementor-action%3Aaction%3Dlightbox%26settings%3DeyJpZCI6MTk4MCwidXJsIjoiaHR0cHM6XC9cL2dhbGVyaWUtbnVkZWwuZGVcL3dwLWNvbnRlbnRcL3VwbG9hZHNcLzIwMjVcLzA4XC9QMjA1MDY0Ny0xLmpwZyIsInNsaWRlc2hvdyI6ImM1NzI5NjEifQ%3D%3D\" href='https:\/\/galerie-nudel.de\/wp-content\/uploads\/2025\/08\/P2050647-1.jpg'><img loading=\"lazy\" decoding=\"async\" width=\"1024\" height=\"713\" src=\"https:\/\/galerie-nudel.de\/wp-content\/uploads\/2025\/08\/P2050647-1-1024x713.jpg\" class=\"attachment-large size-large\" alt=\"\" aria-describedby=\"gallery-1-1980\" srcset=\"https:\/\/galerie-nudel.de\/wp-content\/uploads\/2025\/08\/P2050647-1-1024x713.jpg 1024w, https:\/\/galerie-nudel.de\/wp-content\/uploads\/2025\/08\/P2050647-1-300x209.jpg 300w, https:\/\/galerie-nudel.de\/wp-content\/uploads\/2025\/08\/P2050647-1.jpg 1551w\" sizes=\"(max-width: 1024px) 100vw, 1024px\" \/><\/a>\n\t\t\t<\/div>\n\t\t\t\t<figcaption class='wp-caption-text gallery-caption' id='gallery-1-1980'>\n\t\t\t\tGefl\u00fcgelte Schatten\u201c 4 Teil, 112 + 78 cm, Material: MDF, Holzrahmen, Glas f\u00fcr Glasmalerei, Technik: Acryl, \u00d6l, 2 Arten von Lack\n\t\t\t\t<\/figcaption><\/figure><figure class='gallery-item'>\n\t\t\t<div class='gallery-icon landscape'>\n\t\t\t\t<a data-elementor-open-lightbox=\"yes\" data-elementor-lightbox-slideshow=\"c572961\" data-elementor-lightbox-title=\"Gefl\u00fcgelte Schatten\u201c 4 Teile jeweils 112 + 78 cm\" data-e-action-hash=\"#elementor-action%3Aaction%3Dlightbox%26settings%3DeyJpZCI6MTk1MCwidXJsIjoiaHR0cHM6XC9cL2dhbGVyaWUtbnVkZWwuZGVcL3dwLWNvbnRlbnRcL3VwbG9hZHNcLzIwMjVcLzA4XC80LmpwZyIsInNsaWRlc2hvdyI6ImM1NzI5NjEifQ%3D%3D\" href='https:\/\/galerie-nudel.de\/wp-content\/uploads\/2025\/08\/4.jpg'><img loading=\"lazy\" decoding=\"async\" width=\"1024\" height=\"713\" src=\"https:\/\/galerie-nudel.de\/wp-content\/uploads\/2025\/08\/4-1024x713.jpg\" class=\"attachment-large size-large\" alt=\"\" aria-describedby=\"gallery-1-1950\" srcset=\"https:\/\/galerie-nudel.de\/wp-content\/uploads\/2025\/08\/4-1024x713.jpg 1024w, https:\/\/galerie-nudel.de\/wp-content\/uploads\/2025\/08\/4-300x209.jpg 300w, https:\/\/galerie-nudel.de\/wp-content\/uploads\/2025\/08\/4.jpg 1551w\" sizes=\"(max-width: 1024px) 100vw, 1024px\" \/><\/a>\n\t\t\t<\/div>\n\t\t\t\t<figcaption class='wp-caption-text gallery-caption' id='gallery-1-1950'>\n\t\t\t\tGefl\u00fcgelte Schatten\u201c 4 Teile jeweils 112 + 78 cm, Material: MDF, Holzrahmen, Glas f\u00fcr Glasmalerei, Technik: Acryl, \u00d6l, 2 Arten von Lack\n\t\t\t\t<\/figcaption><\/figure><figure class='gallery-item'>\n\t\t\t<div class='gallery-icon landscape'>\n\t\t\t\t<a data-elementor-open-lightbox=\"yes\" data-elementor-lightbox-slideshow=\"c572961\" data-elementor-lightbox-title=\"Jagd auf den Wei\u00dfb\u00e4ren, 29x21cm, MDF, Acryl, \u00d6l\" data-e-action-hash=\"#elementor-action%3Aaction%3Dlightbox%26settings%3DeyJpZCI6MTk1MiwidXJsIjoiaHR0cHM6XC9cL2dhbGVyaWUtbnVkZWwuZGVcL3dwLWNvbnRlbnRcL3VwbG9hZHNcLzIwMjVcLzA4XC9KYWdkLWF1Zi1kZW4tV2Vpc3NiYWVyZW4tTURGLUFjcnlsLU9lbC5qcGciLCJzbGlkZXNob3ciOiJjNTcyOTYxIn0%3D\" href='https:\/\/galerie-nudel.de\/wp-content\/uploads\/2025\/08\/Jagd-auf-den-Weissbaeren-MDF-Acryl-Oel.jpg'><img loading=\"lazy\" decoding=\"async\" width=\"1024\" height=\"724\" src=\"https:\/\/galerie-nudel.de\/wp-content\/uploads\/2025\/08\/Jagd-auf-den-Weissbaeren-MDF-Acryl-Oel-1024x724.jpg\" class=\"attachment-large size-large\" alt=\"\" aria-describedby=\"gallery-1-1952\" srcset=\"https:\/\/galerie-nudel.de\/wp-content\/uploads\/2025\/08\/Jagd-auf-den-Weissbaeren-MDF-Acryl-Oel-1024x724.jpg 1024w, https:\/\/galerie-nudel.de\/wp-content\/uploads\/2025\/08\/Jagd-auf-den-Weissbaeren-MDF-Acryl-Oel-300x212.jpg 300w, https:\/\/galerie-nudel.de\/wp-content\/uploads\/2025\/08\/Jagd-auf-den-Weissbaeren-MDF-Acryl-Oel.jpg 1528w\" sizes=\"(max-width: 1024px) 100vw, 1024px\" \/><\/a>\n\t\t\t<\/div>\n\t\t\t\t<figcaption class='wp-caption-text gallery-caption' id='gallery-1-1952'>\n\t\t\t\tJagd auf den Wei\u00dfb\u00e4ren, 29x21cm, MDF, Acryl, \u00d6l\n\t\t\t\t<\/figcaption><\/figure><figure class='gallery-item'>\n\t\t\t<div class='gallery-icon landscape'>\n\t\t\t\t<a data-elementor-open-lightbox=\"yes\" data-elementor-lightbox-slideshow=\"c572961\" data-elementor-lightbox-title=\"Toreador, 44x28cm, MDF, Acryl, \u00d6l\" data-e-action-hash=\"#elementor-action%3Aaction%3Dlightbox%26settings%3DeyJpZCI6MTk1NywidXJsIjoiaHR0cHM6XC9cL2dhbGVyaWUtbnVkZWwuZGVcL3dwLWNvbnRlbnRcL3VwbG9hZHNcLzIwMjVcLzA4XC9Ub3JlYWRvci1NREYtQWNyeWwtT2VsLmpwZyIsInNsaWRlc2hvdyI6ImM1NzI5NjEifQ%3D%3D\" href='https:\/\/galerie-nudel.de\/wp-content\/uploads\/2025\/08\/Toreador-MDF-Acryl-Oel.jpg'><img loading=\"lazy\" decoding=\"async\" width=\"1024\" height=\"652\" src=\"https:\/\/galerie-nudel.de\/wp-content\/uploads\/2025\/08\/Toreador-MDF-Acryl-Oel-1024x652.jpg\" class=\"attachment-large size-large\" alt=\"\" aria-describedby=\"gallery-1-1957\" srcset=\"https:\/\/galerie-nudel.de\/wp-content\/uploads\/2025\/08\/Toreador-MDF-Acryl-Oel-1024x652.jpg 1024w, https:\/\/galerie-nudel.de\/wp-content\/uploads\/2025\/08\/Toreador-MDF-Acryl-Oel-300x191.jpg 300w, https:\/\/galerie-nudel.de\/wp-content\/uploads\/2025\/08\/Toreador-MDF-Acryl-Oel.jpg 1697w\" sizes=\"(max-width: 1024px) 100vw, 1024px\" \/><\/a>\n\t\t\t<\/div>\n\t\t\t\t<figcaption class='wp-caption-text gallery-caption' id='gallery-1-1957'>\n\t\t\t\tToreador, 44x28cm, MDF, Acryl, \u00d6l\n\t\t\t\t<\/figcaption><\/figure><figure class='gallery-item'>\n\t\t\t<div class='gallery-icon portrait'>\n\t\t\t\t<a data-elementor-open-lightbox=\"yes\" data-elementor-lightbox-slideshow=\"c572961\" data-elementor-lightbox-title=\"Lautes Schweigen, 26x44 cm, Acryl, \u00d6l, MDF\" data-e-action-hash=\"#elementor-action%3Aaction%3Dlightbox%26settings%3DeyJpZCI6MTk2MSwidXJsIjoiaHR0cHM6XC9cL2dhbGVyaWUtbnVkZWwuZGVcL3dwLWNvbnRlbnRcL3VwbG9hZHNcLzIwMjVcLzA4XC9MYXV0ZXMtU2Nod2VpZ2VuLTI2XHUyMDEzNDQtY20tQWNyeWwtT2VsLU1ERi5qcGciLCJzbGlkZXNob3ciOiJjNTcyOTYxIn0%3D\" href='https:\/\/galerie-nudel.de\/wp-content\/uploads\/2025\/08\/Lautes-Schweigen-26\u201344-cm-Acryl-Oel-MDF.jpg'><img loading=\"lazy\" decoding=\"async\" width=\"612\" height=\"1024\" src=\"https:\/\/galerie-nudel.de\/wp-content\/uploads\/2025\/08\/Lautes-Schweigen-26\u201344-cm-Acryl-Oel-MDF-612x1024.jpg\" class=\"attachment-large size-large\" alt=\"\" aria-describedby=\"gallery-1-1961\" srcset=\"https:\/\/galerie-nudel.de\/wp-content\/uploads\/2025\/08\/Lautes-Schweigen-26\u201344-cm-Acryl-Oel-MDF-612x1024.jpg 612w, https:\/\/galerie-nudel.de\/wp-content\/uploads\/2025\/08\/Lautes-Schweigen-26\u201344-cm-Acryl-Oel-MDF-179x300.jpg 179w, https:\/\/galerie-nudel.de\/wp-content\/uploads\/2025\/08\/Lautes-Schweigen-26\u201344-cm-Acryl-Oel-MDF.jpg 645w\" sizes=\"(max-width: 612px) 100vw, 612px\" \/><\/a>\n\t\t\t<\/div>\n\t\t\t\t<figcaption class='wp-caption-text gallery-caption' id='gallery-1-1961'>\n\t\t\t\tLautes Schweigen, 26x44cm, Acryl, \u00d6l, MDF\n\t\t\t\t<\/figcaption><\/figure><figure class='gallery-item'>\n\t\t\t<div class='gallery-icon landscape'>\n\t\t\t\t<a data-elementor-open-lightbox=\"yes\" data-elementor-lightbox-slideshow=\"c572961\" data-elementor-lightbox-title=\"Winterabend, Leinen, \u00d6l, 90x60 cm\" data-e-action-hash=\"#elementor-action%3Aaction%3Dlightbox%26settings%3DeyJpZCI6MjAzOSwidXJsIjoiaHR0cHM6XC9cL2dhbGVyaWUtbnVkZWwuZGVcL3dwLWNvbnRlbnRcL3VwbG9hZHNcLzIwMjVcLzA4XC9XaW50ZXJhYmVuZC1MZWluZW4tT2VsLTkweDYwLWNtLmpwZyIsInNsaWRlc2hvdyI6ImM1NzI5NjEifQ%3D%3D\" href='https:\/\/galerie-nudel.de\/wp-content\/uploads\/2025\/08\/Winterabend-Leinen-Oel-90x60-cm.jpg'><img loading=\"lazy\" decoding=\"async\" width=\"1024\" height=\"726\" src=\"https:\/\/galerie-nudel.de\/wp-content\/uploads\/2025\/08\/Winterabend-Leinen-Oel-90x60-cm-1024x726.jpg\" class=\"attachment-large size-large\" alt=\"\" aria-describedby=\"gallery-1-2039\" srcset=\"https:\/\/galerie-nudel.de\/wp-content\/uploads\/2025\/08\/Winterabend-Leinen-Oel-90x60-cm-1024x726.jpg 1024w, https:\/\/galerie-nudel.de\/wp-content\/uploads\/2025\/08\/Winterabend-Leinen-Oel-90x60-cm-300x213.jpg 300w, https:\/\/galerie-nudel.de\/wp-content\/uploads\/2025\/08\/Winterabend-Leinen-Oel-90x60-cm.jpg 1524w\" sizes=\"(max-width: 1024px) 100vw, 1024px\" \/><\/a>\n\t\t\t<\/div>\n\t\t\t\t<figcaption class='wp-caption-text gallery-caption' id='gallery-1-2039'>\n\t\t\t\tWinterabend, Leinen, \u00d6l, 90&#215;60 cm\n\t\t\t\t<\/figcaption><\/figure><figure class='gallery-item'>\n\t\t\t<div class='gallery-icon portrait'>\n\t\t\t\t<a data-elementor-open-lightbox=\"yes\" data-elementor-lightbox-slideshow=\"c572961\" data-elementor-lightbox-title=\"Zarathustra, Leinen, \u00d6l, 77x92 cm\" data-e-action-hash=\"#elementor-action%3Aaction%3Dlightbox%26settings%3DeyJpZCI6MjA0MCwidXJsIjoiaHR0cHM6XC9cL2dhbGVyaWUtbnVkZWwuZGVcL3dwLWNvbnRlbnRcL3VwbG9hZHNcLzIwMjVcLzA4XC9aYXJhdGh1c3RyYS1MZWluZW4tT2VsLTc3eDkyLWNtLmpwZyIsInNsaWRlc2hvdyI6ImM1NzI5NjEifQ%3D%3D\" href='https:\/\/galerie-nudel.de\/wp-content\/uploads\/2025\/08\/Zarathustra-Leinen-Oel-77x92-cm.jpg'><img loading=\"lazy\" decoding=\"async\" width=\"926\" height=\"1024\" src=\"https:\/\/galerie-nudel.de\/wp-content\/uploads\/2025\/08\/Zarathustra-Leinen-Oel-77x92-cm-926x1024.jpg\" class=\"attachment-large size-large\" alt=\"\" aria-describedby=\"gallery-1-2040\" srcset=\"https:\/\/galerie-nudel.de\/wp-content\/uploads\/2025\/08\/Zarathustra-Leinen-Oel-77x92-cm-926x1024.jpg 926w, https:\/\/galerie-nudel.de\/wp-content\/uploads\/2025\/08\/Zarathustra-Leinen-Oel-77x92-cm-271x300.jpg 271w, https:\/\/galerie-nudel.de\/wp-content\/uploads\/2025\/08\/Zarathustra-Leinen-Oel-77x92-cm.jpg 977w\" sizes=\"(max-width: 926px) 100vw, 926px\" \/><\/a>\n\t\t\t<\/div>\n\t\t\t\t<figcaption class='wp-caption-text gallery-caption' id='gallery-1-2040'>\n\t\t\t\tZarathustra, Leinen, \u00d6l, 77&#215;92 cm\n\t\t\t\t<\/figcaption><\/figure><figure class='gallery-item'>\n\t\t\t<div class='gallery-icon landscape'>\n\t\t\t\t<a data-elementor-open-lightbox=\"yes\" data-elementor-lightbox-slideshow=\"c572961\" data-elementor-lightbox-title=\"Van Gogh Nostalgie, Leinen, Aquarell, Pigment, Lack, 120x70 cm\" data-e-action-hash=\"#elementor-action%3Aaction%3Dlightbox%26settings%3DeyJpZCI6MjAzOCwidXJsIjoiaHR0cHM6XC9cL2dhbGVyaWUtbnVkZWwuZGVcL3dwLWNvbnRlbnRcL3VwbG9hZHNcLzIwMjVcLzA4XC9WYW4tR29naC1Ob3N0YWxnaWUtTGVpbmVuLUFxdWFyZWxsLVBpZ21lbnQtTGFjay0xMjB4NzAtY20uanBnIiwic2xpZGVzaG93IjoiYzU3Mjk2MSJ9\" href='https:\/\/galerie-nudel.de\/wp-content\/uploads\/2025\/08\/Van-Gogh-Nostalgie-Leinen-Aquarell-Pigment-Lack-120x70-cm.jpg'><img loading=\"lazy\" decoding=\"async\" width=\"1024\" height=\"613\" src=\"https:\/\/galerie-nudel.de\/wp-content\/uploads\/2025\/08\/Van-Gogh-Nostalgie-Leinen-Aquarell-Pigment-Lack-120x70-cm-1024x613.jpg\" class=\"attachment-large size-large\" alt=\"\" aria-describedby=\"gallery-1-2038\" srcset=\"https:\/\/galerie-nudel.de\/wp-content\/uploads\/2025\/08\/Van-Gogh-Nostalgie-Leinen-Aquarell-Pigment-Lack-120x70-cm-1024x613.jpg 1024w, https:\/\/galerie-nudel.de\/wp-content\/uploads\/2025\/08\/Van-Gogh-Nostalgie-Leinen-Aquarell-Pigment-Lack-120x70-cm-300x180.jpg 300w, https:\/\/galerie-nudel.de\/wp-content\/uploads\/2025\/08\/Van-Gogh-Nostalgie-Leinen-Aquarell-Pigment-Lack-120x70-cm.jpg 1803w\" sizes=\"(max-width: 1024px) 100vw, 1024px\" \/><\/a>\n\t\t\t<\/div>\n\t\t\t\t<figcaption class='wp-caption-text gallery-caption' id='gallery-1-2038'>\n\t\t\t\tVan Gogh Nostalgie, Leinen, Aquarell, Pigment, Lack, 120&#215;70 cm\n\t\t\t\t<\/figcaption><\/figure><figure class='gallery-item'>\n\t\t\t<div class='gallery-icon landscape'>\n\t\t\t\t<a data-elementor-open-lightbox=\"yes\" data-elementor-lightbox-slideshow=\"c572961\" data-elementor-lightbox-title=\"Sonnenuntergang, Leinen, Aquarell, \u00d6l, Lack, 120x70 cm\" data-e-action-hash=\"#elementor-action%3Aaction%3Dlightbox%26settings%3DeyJpZCI6MjAzNiwidXJsIjoiaHR0cHM6XC9cL2dhbGVyaWUtbnVkZWwuZGVcL3dwLWNvbnRlbnRcL3VwbG9hZHNcLzIwMjVcLzA4XC9Tb25uZW51bnRlcmdhbmctTGVpbmVuLUFxdWFyZWxsLU9lbC1MYWNrLTEyMHg3MC1jbS5qcGciLCJzbGlkZXNob3ciOiJjNTcyOTYxIn0%3D\" href='https:\/\/galerie-nudel.de\/wp-content\/uploads\/2025\/08\/Sonnenuntergang-Leinen-Aquarell-Oel-Lack-120x70-cm.jpg'><img loading=\"lazy\" decoding=\"async\" width=\"1024\" height=\"590\" src=\"https:\/\/galerie-nudel.de\/wp-content\/uploads\/2025\/08\/Sonnenuntergang-Leinen-Aquarell-Oel-Lack-120x70-cm-1024x590.jpg\" class=\"attachment-large size-large\" alt=\"\" aria-describedby=\"gallery-1-2036\" srcset=\"https:\/\/galerie-nudel.de\/wp-content\/uploads\/2025\/08\/Sonnenuntergang-Leinen-Aquarell-Oel-Lack-120x70-cm-1024x590.jpg 1024w, https:\/\/galerie-nudel.de\/wp-content\/uploads\/2025\/08\/Sonnenuntergang-Leinen-Aquarell-Oel-Lack-120x70-cm-300x173.jpg 300w, https:\/\/galerie-nudel.de\/wp-content\/uploads\/2025\/08\/Sonnenuntergang-Leinen-Aquarell-Oel-Lack-120x70-cm.jpg 1874w\" sizes=\"(max-width: 1024px) 100vw, 1024px\" \/><\/a>\n\t\t\t<\/div>\n\t\t\t\t<figcaption class='wp-caption-text gallery-caption' id='gallery-1-2036'>\n\t\t\t\tSonnenuntergang, Leinen, Aquarell, \u00d6l, Lack, 120&#215;70 cm\n\t\t\t\t<\/figcaption><\/figure><figure class='gallery-item'>\n\t\t\t<div class='gallery-icon landscape'>\n\t\t\t\t<a data-elementor-open-lightbox=\"yes\" data-elementor-lightbox-slideshow=\"c572961\" data-elementor-lightbox-title=\"Unter den Wolken Tryptichon, Leinen, Aquarel, Lack, 85 x 55, 2 St\u00fcck 80 x 55, Swarowski Steine\" data-e-action-hash=\"#elementor-action%3Aaction%3Dlightbox%26settings%3DeyJpZCI6MjAzNywidXJsIjoiaHR0cHM6XC9cL2dhbGVyaWUtbnVkZWwuZGVcL3dwLWNvbnRlbnRcL3VwbG9hZHNcLzIwMjVcLzA4XC9VbnRlci1kZW4tV29sa2VuLVRyeXB0aWNob24tTGVpbmVuLUFxdWFyZWwtTGFjay04NS14LTU1LTItU3R1ZWNrLTgwLXgtNTUtU3dhcm93c2tpLVN0ZWluZS5qcGciLCJzbGlkZXNob3ciOiJjNTcyOTYxIn0%3D\" href='https:\/\/galerie-nudel.de\/wp-content\/uploads\/2025\/08\/Unter-den-Wolken-Tryptichon-Leinen-Aquarel-Lack-85-x-55-2-Stueck-80-x-55-Swarowski-Steine.jpg'><img loading=\"lazy\" decoding=\"async\" width=\"1024\" height=\"235\" src=\"https:\/\/galerie-nudel.de\/wp-content\/uploads\/2025\/08\/Unter-den-Wolken-Tryptichon-Leinen-Aquarel-Lack-85-x-55-2-Stueck-80-x-55-Swarowski-Steine-1024x235.jpg\" class=\"attachment-large size-large\" alt=\"\" aria-describedby=\"gallery-1-2037\" srcset=\"https:\/\/galerie-nudel.de\/wp-content\/uploads\/2025\/08\/Unter-den-Wolken-Tryptichon-Leinen-Aquarel-Lack-85-x-55-2-Stueck-80-x-55-Swarowski-Steine-1024x235.jpg 1024w, https:\/\/galerie-nudel.de\/wp-content\/uploads\/2025\/08\/Unter-den-Wolken-Tryptichon-Leinen-Aquarel-Lack-85-x-55-2-Stueck-80-x-55-Swarowski-Steine-300x69.jpg 300w, https:\/\/galerie-nudel.de\/wp-content\/uploads\/2025\/08\/Unter-den-Wolken-Tryptichon-Leinen-Aquarel-Lack-85-x-55-2-Stueck-80-x-55-Swarowski-Steine.jpg 1920w\" sizes=\"(max-width: 1024px) 100vw, 1024px\" \/><\/a>\n\t\t\t<\/div>\n\t\t\t\t<figcaption class='wp-caption-text gallery-caption' id='gallery-1-2037'>\n\t\t\t\tUnter den Wolken Tryptichon, Leinen, Aquarel, Lack, 85 x 55, 2 St\u00fcck 80 x 55, Swarowski Steine\n\t\t\t\t<\/figcaption><\/figure><figure class='gallery-item'>\n\t\t\t<div class='gallery-icon portrait'>\n\t\t\t\t<a data-elementor-open-lightbox=\"yes\" data-elementor-lightbox-slideshow=\"c572961\" data-elementor-lightbox-title=\"Sonnenblume, 170x80 cm, Leinen, Acryl, Lack, Glas f\u00fcr Glasmalerei, ohne Rahmen\" data-e-action-hash=\"#elementor-action%3Aaction%3Dlightbox%26settings%3DeyJpZCI6MjAzNSwidXJsIjoiaHR0cHM6XC9cL2dhbGVyaWUtbnVkZWwuZGVcL3dwLWNvbnRlbnRcL3VwbG9hZHNcLzIwMjVcLzA4XC9Tb25uZW5ibHVtZS0xNzB4ODAtY20tTGVpbmVuLUFjcnlsLUxhY2stR2xhcy1mdWVyLUdsYXNtYWxlcmVpLW9obmUtUmFobWVuLmpwZyIsInNsaWRlc2hvdyI6ImM1NzI5NjEifQ%3D%3D\" href='https:\/\/galerie-nudel.de\/wp-content\/uploads\/2025\/08\/Sonnenblume-170x80-cm-Leinen-Acryl-Lack-Glas-fuer-Glasmalerei-ohne-Rahmen.jpg'><img loading=\"lazy\" decoding=\"async\" width=\"577\" height=\"1024\" src=\"https:\/\/galerie-nudel.de\/wp-content\/uploads\/2025\/08\/Sonnenblume-170x80-cm-Leinen-Acryl-Lack-Glas-fuer-Glasmalerei-ohne-Rahmen-577x1024.jpg\" class=\"attachment-large size-large\" alt=\"\" aria-describedby=\"gallery-1-2035\" srcset=\"https:\/\/galerie-nudel.de\/wp-content\/uploads\/2025\/08\/Sonnenblume-170x80-cm-Leinen-Acryl-Lack-Glas-fuer-Glasmalerei-ohne-Rahmen-577x1024.jpg 577w, https:\/\/galerie-nudel.de\/wp-content\/uploads\/2025\/08\/Sonnenblume-170x80-cm-Leinen-Acryl-Lack-Glas-fuer-Glasmalerei-ohne-Rahmen-169x300.jpg 169w, https:\/\/galerie-nudel.de\/wp-content\/uploads\/2025\/08\/Sonnenblume-170x80-cm-Leinen-Acryl-Lack-Glas-fuer-Glasmalerei-ohne-Rahmen.jpg 609w\" sizes=\"(max-width: 577px) 100vw, 577px\" \/><\/a>\n\t\t\t<\/div>\n\t\t\t\t<figcaption class='wp-caption-text gallery-caption' id='gallery-1-2035'>\n\t\t\t\tSonnenblume, 170&#215;80 cm, Leinen, Acryl, Lack, Glas f\u00fcr Glasmalerei, ohne Rahmen \n\t\t\t\t<\/figcaption><\/figure><figure class='gallery-item'>\n\t\t\t<div class='gallery-icon portrait'>\n\t\t\t\t<a data-elementor-open-lightbox=\"yes\" data-elementor-lightbox-slideshow=\"c572961\" data-elementor-lightbox-title=\"Sonnenblume, 170x80 cm, Leinen, Acryl, Lack, Glas f\u00fcr Glasmalerei, ohne Rahmen\" data-e-action-hash=\"#elementor-action%3Aaction%3Dlightbox%26settings%3DeyJpZCI6MjAzNCwidXJsIjoiaHR0cHM6XC9cL2dhbGVyaWUtbnVkZWwuZGVcL3dwLWNvbnRlbnRcL3VwbG9hZHNcLzIwMjVcLzA4XC9Tb25uZW5ibHVtZS0xNzB4ODAtY20tTGVpbmVuLUFjcnlsLUxhY2stR2xhcy1mdWVyLUdsYXNtYWxlcmVpLW9obmUtUmFobWVuLTIuanBnIiwic2xpZGVzaG93IjoiYzU3Mjk2MSJ9\" href='https:\/\/galerie-nudel.de\/wp-content\/uploads\/2025\/08\/Sonnenblume-170x80-cm-Leinen-Acryl-Lack-Glas-fuer-Glasmalerei-ohne-Rahmen-2.jpg'><img loading=\"lazy\" decoding=\"async\" width=\"480\" height=\"1024\" src=\"https:\/\/galerie-nudel.de\/wp-content\/uploads\/2025\/08\/Sonnenblume-170x80-cm-Leinen-Acryl-Lack-Glas-fuer-Glasmalerei-ohne-Rahmen-2-480x1024.jpg\" class=\"attachment-large size-large\" alt=\"\" aria-describedby=\"gallery-1-2034\" srcset=\"https:\/\/galerie-nudel.de\/wp-content\/uploads\/2025\/08\/Sonnenblume-170x80-cm-Leinen-Acryl-Lack-Glas-fuer-Glasmalerei-ohne-Rahmen-2-480x1024.jpg 480w, https:\/\/galerie-nudel.de\/wp-content\/uploads\/2025\/08\/Sonnenblume-170x80-cm-Leinen-Acryl-Lack-Glas-fuer-Glasmalerei-ohne-Rahmen-2-141x300.jpg 141w, https:\/\/galerie-nudel.de\/wp-content\/uploads\/2025\/08\/Sonnenblume-170x80-cm-Leinen-Acryl-Lack-Glas-fuer-Glasmalerei-ohne-Rahmen-2.jpg 506w\" sizes=\"(max-width: 480px) 100vw, 480px\" \/><\/a>\n\t\t\t<\/div>\n\t\t\t\t<figcaption class='wp-caption-text gallery-caption' id='gallery-1-2034'>\n\t\t\t\tSonnenblume, 170&#215;80 cm, Leinen, Acryl, Lack, Glas f\u00fcr Glasmalerei, ohne Rahmen \n\t\t\t\t<\/figcaption><\/figure><figure class='gallery-item'>\n\t\t\t<div class='gallery-icon portrait'>\n\t\t\t\t<a data-elementor-open-lightbox=\"yes\" data-elementor-lightbox-slideshow=\"c572961\" data-elementor-lightbox-title=\"Sonnenblume, 170x80 cm, Leinen, Acryl, Lack, Glas f\u00fcr Glasmalerei, ohne Rahmen\" data-e-action-hash=\"#elementor-action%3Aaction%3Dlightbox%26settings%3DeyJpZCI6MjAzMywidXJsIjoiaHR0cHM6XC9cL2dhbGVyaWUtbnVkZWwuZGVcL3dwLWNvbnRlbnRcL3VwbG9hZHNcLzIwMjVcLzA4XC9Tb25uZW5ibHVtZS0xNzB4ODAtY20tTGVpbmVuLUFjcnlsLUxhY2stR2xhcy1mdWVyLUdsYXNtYWxlcmVpLW9obmUtUmFobWVuLTEuanBnIiwic2xpZGVzaG93IjoiYzU3Mjk2MSJ9\" href='https:\/\/galerie-nudel.de\/wp-content\/uploads\/2025\/08\/Sonnenblume-170x80-cm-Leinen-Acryl-Lack-Glas-fuer-Glasmalerei-ohne-Rahmen-1.jpg'><img loading=\"lazy\" decoding=\"async\" width=\"577\" height=\"1024\" src=\"https:\/\/galerie-nudel.de\/wp-content\/uploads\/2025\/08\/Sonnenblume-170x80-cm-Leinen-Acryl-Lack-Glas-fuer-Glasmalerei-ohne-Rahmen-1-577x1024.jpg\" class=\"attachment-large size-large\" alt=\"\" aria-describedby=\"gallery-1-2033\" srcset=\"https:\/\/galerie-nudel.de\/wp-content\/uploads\/2025\/08\/Sonnenblume-170x80-cm-Leinen-Acryl-Lack-Glas-fuer-Glasmalerei-ohne-Rahmen-1-577x1024.jpg 577w, https:\/\/galerie-nudel.de\/wp-content\/uploads\/2025\/08\/Sonnenblume-170x80-cm-Leinen-Acryl-Lack-Glas-fuer-Glasmalerei-ohne-Rahmen-1-169x300.jpg 169w, https:\/\/galerie-nudel.de\/wp-content\/uploads\/2025\/08\/Sonnenblume-170x80-cm-Leinen-Acryl-Lack-Glas-fuer-Glasmalerei-ohne-Rahmen-1.jpg 609w\" sizes=\"(max-width: 577px) 100vw, 577px\" \/><\/a>\n\t\t\t<\/div>\n\t\t\t\t<figcaption class='wp-caption-text gallery-caption' id='gallery-1-2033'>\n\t\t\t\tSonnenblume, 170&#215;80 cm, Leinen, Acryl, Lack, Glas f\u00fcr Glasmalerei, ohne Rahmen\n\t\t\t\t<\/figcaption><\/figure><figure class='gallery-item'>\n\t\t\t<div class='gallery-icon landscape'>\n\t\t\t\t<a data-elementor-open-lightbox=\"yes\" data-elementor-lightbox-slideshow=\"c572961\" data-elementor-lightbox-title=\"Sommertag, Leinwand, \u00d6l, Lack, 60x90 cm, Verkauft\" data-e-action-hash=\"#elementor-action%3Aaction%3Dlightbox%26settings%3DeyJpZCI6MjAzMiwidXJsIjoiaHR0cHM6XC9cL2dhbGVyaWUtbnVkZWwuZGVcL3dwLWNvbnRlbnRcL3VwbG9hZHNcLzIwMjVcLzA4XC9Tb21tZXJ0YWctTGVpbndhbmQtT2VsLUxhY2stNjB4OTAtY20tVmVya2F1ZnQuanBnIiwic2xpZGVzaG93IjoiYzU3Mjk2MSJ9\" href='https:\/\/galerie-nudel.de\/wp-content\/uploads\/2025\/08\/Sommertag-Leinwand-Oel-Lack-60x90-cm-Verkauft.jpg'><img loading=\"lazy\" decoding=\"async\" width=\"1024\" height=\"634\" src=\"https:\/\/galerie-nudel.de\/wp-content\/uploads\/2025\/08\/Sommertag-Leinwand-Oel-Lack-60x90-cm-Verkauft-1024x634.jpg\" class=\"attachment-large size-large\" alt=\"\" aria-describedby=\"gallery-1-2032\" srcset=\"https:\/\/galerie-nudel.de\/wp-content\/uploads\/2025\/08\/Sommertag-Leinwand-Oel-Lack-60x90-cm-Verkauft-1024x634.jpg 1024w, https:\/\/galerie-nudel.de\/wp-content\/uploads\/2025\/08\/Sommertag-Leinwand-Oel-Lack-60x90-cm-Verkauft-300x186.jpg 300w, https:\/\/galerie-nudel.de\/wp-content\/uploads\/2025\/08\/Sommertag-Leinwand-Oel-Lack-60x90-cm-Verkauft.jpg 1744w\" sizes=\"(max-width: 1024px) 100vw, 1024px\" \/><\/a>\n\t\t\t<\/div>\n\t\t\t\t<figcaption class='wp-caption-text gallery-caption' id='gallery-1-2032'>\n\t\t\t\tSommertag, Leinwand, \u00d6l, Lack, 60&#215;90 cm, Verkauft\n\t\t\t\t<\/figcaption><\/figure><figure class='gallery-item'>\n\t\t\t<div class='gallery-icon landscape'>\n\t\t\t\t<a data-elementor-open-lightbox=\"yes\" data-elementor-lightbox-slideshow=\"c572961\" data-elementor-lightbox-title=\"Sommerfrische, Leinen, Aquarell, Pigment, Lack, 60x95 cm\" data-e-action-hash=\"#elementor-action%3Aaction%3Dlightbox%26settings%3DeyJpZCI6MjAzMSwidXJsIjoiaHR0cHM6XC9cL2dhbGVyaWUtbnVkZWwuZGVcL3dwLWNvbnRlbnRcL3VwbG9hZHNcLzIwMjVcLzA4XC9Tb21tZXJmcmlzY2hlLUxlaW5lbi1BcXVhcmVsbC1QaWdtZW50LUxhY2stNjB4OTUtY20uanBnIiwic2xpZGVzaG93IjoiYzU3Mjk2MSJ9\" href='https:\/\/galerie-nudel.de\/wp-content\/uploads\/2025\/08\/Sommerfrische-Leinen-Aquarell-Pigment-Lack-60x95-cm.jpg'><img loading=\"lazy\" decoding=\"async\" width=\"1024\" height=\"644\" src=\"https:\/\/galerie-nudel.de\/wp-content\/uploads\/2025\/08\/Sommerfrische-Leinen-Aquarell-Pigment-Lack-60x95-cm-1024x644.jpg\" class=\"attachment-large size-large\" alt=\"\" aria-describedby=\"gallery-1-2031\" srcset=\"https:\/\/galerie-nudel.de\/wp-content\/uploads\/2025\/08\/Sommerfrische-Leinen-Aquarell-Pigment-Lack-60x95-cm-1024x644.jpg 1024w, https:\/\/galerie-nudel.de\/wp-content\/uploads\/2025\/08\/Sommerfrische-Leinen-Aquarell-Pigment-Lack-60x95-cm-300x189.jpg 300w, https:\/\/galerie-nudel.de\/wp-content\/uploads\/2025\/08\/Sommerfrische-Leinen-Aquarell-Pigment-Lack-60x95-cm.jpg 1717w\" sizes=\"(max-width: 1024px) 100vw, 1024px\" \/><\/a>\n\t\t\t<\/div>\n\t\t\t\t<figcaption class='wp-caption-text gallery-caption' id='gallery-1-2031'>\n\t\t\t\tSommerfrische, Leinen, Aquarell, Pigment, Lack, 60&#215;95 cm\n\t\t\t\t<\/figcaption><\/figure><figure class='gallery-item'>\n\t\t\t<div class='gallery-icon landscape'>\n\t\t\t\t<a data-elementor-open-lightbox=\"yes\" data-elementor-lightbox-slideshow=\"c572961\" data-elementor-lightbox-title=\"Mondnacht,Tryptichon, Leinen, Aquarell, Pigment, \u00d6l, Lack, 80x50, 85x55, 80x50 cm\" data-e-action-hash=\"#elementor-action%3Aaction%3Dlightbox%26settings%3DeyJpZCI6MjAyOSwidXJsIjoiaHR0cHM6XC9cL2dhbGVyaWUtbnVkZWwuZGVcL3dwLWNvbnRlbnRcL3VwbG9hZHNcLzIwMjVcLzA4XC9Nb25kbmFjaHRfVHJ5cHRpY2hvbl9MZWluZW5fQXF1YXJlbGxfUGlnbWVudF9PZWxfTGFja184MHg1MC04NXg1NS04MHg1MC1jbS5qcGciLCJzbGlkZXNob3ciOiJjNTcyOTYxIn0%3D\" href='https:\/\/galerie-nudel.de\/wp-content\/uploads\/2025\/08\/Mondnacht_Tryptichon_Leinen_Aquarell_Pigment_Oel_Lack_80x50-85x55-80x50-cm.jpg'><img loading=\"lazy\" decoding=\"async\" width=\"1024\" height=\"225\" src=\"https:\/\/galerie-nudel.de\/wp-content\/uploads\/2025\/08\/Mondnacht_Tryptichon_Leinen_Aquarell_Pigment_Oel_Lack_80x50-85x55-80x50-cm-1024x225.jpg\" class=\"attachment-large size-large\" alt=\"\" aria-describedby=\"gallery-1-2029\" srcset=\"https:\/\/galerie-nudel.de\/wp-content\/uploads\/2025\/08\/Mondnacht_Tryptichon_Leinen_Aquarell_Pigment_Oel_Lack_80x50-85x55-80x50-cm-1024x225.jpg 1024w, https:\/\/galerie-nudel.de\/wp-content\/uploads\/2025\/08\/Mondnacht_Tryptichon_Leinen_Aquarell_Pigment_Oel_Lack_80x50-85x55-80x50-cm-300x66.jpg 300w, https:\/\/galerie-nudel.de\/wp-content\/uploads\/2025\/08\/Mondnacht_Tryptichon_Leinen_Aquarell_Pigment_Oel_Lack_80x50-85x55-80x50-cm.jpg 1920w\" sizes=\"(max-width: 1024px) 100vw, 1024px\" \/><\/a>\n\t\t\t<\/div>\n\t\t\t\t<figcaption class='wp-caption-text gallery-caption' id='gallery-1-2029'>\n\t\t\t\tMondnacht, Tryptichon, Leinen, Aquarell, Pigment, \u00d6l, Lack, 80&#215;50, 85&#215;55, 80&#215;50 cm\n\t\t\t\t<\/figcaption><\/figure><figure class='gallery-item'>\n\t\t\t<div class='gallery-icon landscape'>\n\t\t\t\t<a data-elementor-open-lightbox=\"yes\" data-elementor-lightbox-slideshow=\"c572961\" data-elementor-lightbox-title=\"Schmetterlinge, Leinen, Aquarell, Pigment, Lack, 124x75cm\" data-e-action-hash=\"#elementor-action%3Aaction%3Dlightbox%26settings%3DeyJpZCI6MjAzMCwidXJsIjoiaHR0cHM6XC9cL2dhbGVyaWUtbnVkZWwuZGVcL3dwLWNvbnRlbnRcL3VwbG9hZHNcLzIwMjVcLzA4XC9TY2htZXR0ZXJsaW5nZV9MZWluZW5fQXF1YXJlbGxfUGlnbWVudF9MYWNrXzEyNHg3NWNtLmpwZyIsInNsaWRlc2hvdyI6ImM1NzI5NjEifQ%3D%3D\" href='https:\/\/galerie-nudel.de\/wp-content\/uploads\/2025\/08\/Schmetterlinge_Leinen_Aquarell_Pigment_Lack_124x75cm.jpg'><img loading=\"lazy\" decoding=\"async\" width=\"1024\" height=\"643\" src=\"https:\/\/galerie-nudel.de\/wp-content\/uploads\/2025\/08\/Schmetterlinge_Leinen_Aquarell_Pigment_Lack_124x75cm-1024x643.jpg\" class=\"attachment-large size-large\" alt=\"\" aria-describedby=\"gallery-1-2030\" srcset=\"https:\/\/galerie-nudel.de\/wp-content\/uploads\/2025\/08\/Schmetterlinge_Leinen_Aquarell_Pigment_Lack_124x75cm-1024x643.jpg 1024w, https:\/\/galerie-nudel.de\/wp-content\/uploads\/2025\/08\/Schmetterlinge_Leinen_Aquarell_Pigment_Lack_124x75cm-300x188.jpg 300w, https:\/\/galerie-nudel.de\/wp-content\/uploads\/2025\/08\/Schmetterlinge_Leinen_Aquarell_Pigment_Lack_124x75cm.jpg 1720w\" sizes=\"(max-width: 1024px) 100vw, 1024px\" \/><\/a>\n\t\t\t<\/div>\n\t\t\t\t<figcaption class='wp-caption-text gallery-caption' id='gallery-1-2030'>\n\t\t\t\tSchmetterlinge, Leinen, Aquarell, Pigment, Lack, 124x75cm\n\t\t\t\t<\/figcaption><\/figure><figure class='gallery-item'>\n\t\t\t<div class='gallery-icon landscape'>\n\t\t\t\t<a data-elementor-open-lightbox=\"yes\" data-elementor-lightbox-slideshow=\"c572961\" data-elementor-lightbox-title=\"Dorfhaus, Leinen, \u00d6l, Lack, 70x50cm\" data-e-action-hash=\"#elementor-action%3Aaction%3Dlightbox%26settings%3DeyJpZCI6MjAyNywidXJsIjoiaHR0cHM6XC9cL2dhbGVyaWUtbnVkZWwuZGVcL3dwLWNvbnRlbnRcL3VwbG9hZHNcLzIwMjVcLzA4XC9Eb3JmaGF1cy1MZWluZW4tT2VsLUxhY2stNzB4NTBjbS5qcGciLCJzbGlkZXNob3ciOiJjNTcyOTYxIn0%3D\" href='https:\/\/galerie-nudel.de\/wp-content\/uploads\/2025\/08\/Dorfhaus-Leinen-Oel-Lack-70x50cm.jpg'><img loading=\"lazy\" decoding=\"async\" width=\"1024\" height=\"800\" src=\"https:\/\/galerie-nudel.de\/wp-content\/uploads\/2025\/08\/Dorfhaus-Leinen-Oel-Lack-70x50cm-1024x800.jpg\" class=\"attachment-large size-large\" alt=\"\" aria-describedby=\"gallery-1-2027\" srcset=\"https:\/\/galerie-nudel.de\/wp-content\/uploads\/2025\/08\/Dorfhaus-Leinen-Oel-Lack-70x50cm-1024x800.jpg 1024w, https:\/\/galerie-nudel.de\/wp-content\/uploads\/2025\/08\/Dorfhaus-Leinen-Oel-Lack-70x50cm-300x234.jpg 300w, https:\/\/galerie-nudel.de\/wp-content\/uploads\/2025\/08\/Dorfhaus-Leinen-Oel-Lack-70x50cm.jpg 1383w\" sizes=\"(max-width: 1024px) 100vw, 1024px\" \/><\/a>\n\t\t\t<\/div>\n\t\t\t\t<figcaption class='wp-caption-text gallery-caption' id='gallery-1-2027'>\n\t\t\t\tDorfhaus, Leinen, \u00d6l, Lack, 70x50cm\n\t\t\t\t<\/figcaption><\/figure><figure class='gallery-item'>\n\t\t\t<div class='gallery-icon landscape'>\n\t\t\t\t<a data-elementor-open-lightbox=\"yes\" data-elementor-lightbox-slideshow=\"c572961\" data-elementor-lightbox-title=\"Libellen, Leinen, Eingerahmt, Aquarell, Pigment, Lack, 160x70cm\" data-e-action-hash=\"#elementor-action%3Aaction%3Dlightbox%26settings%3DeyJpZCI6MjAyOCwidXJsIjoiaHR0cHM6XC9cL2dhbGVyaWUtbnVkZWwuZGVcL3dwLWNvbnRlbnRcL3VwbG9hZHNcLzIwMjVcLzA4XC9MaWJlbGxlbl9MZWluZW5fRWluZ2VyYWhtdF9BcXVhcmVsbF9QaWdtZW50X0xhY2tfMTYweDcwY20uanBnIiwic2xpZGVzaG93IjoiYzU3Mjk2MSJ9\" href='https:\/\/galerie-nudel.de\/wp-content\/uploads\/2025\/08\/Libellen_Leinen_Eingerahmt_Aquarell_Pigment_Lack_160x70cm.jpg'><img loading=\"lazy\" decoding=\"async\" width=\"1024\" height=\"515\" src=\"https:\/\/galerie-nudel.de\/wp-content\/uploads\/2025\/08\/Libellen_Leinen_Eingerahmt_Aquarell_Pigment_Lack_160x70cm-1024x515.jpg\" class=\"attachment-large size-large\" alt=\"\" aria-describedby=\"gallery-1-2028\" srcset=\"https:\/\/galerie-nudel.de\/wp-content\/uploads\/2025\/08\/Libellen_Leinen_Eingerahmt_Aquarell_Pigment_Lack_160x70cm-1024x515.jpg 1024w, https:\/\/galerie-nudel.de\/wp-content\/uploads\/2025\/08\/Libellen_Leinen_Eingerahmt_Aquarell_Pigment_Lack_160x70cm-300x151.jpg 300w, https:\/\/galerie-nudel.de\/wp-content\/uploads\/2025\/08\/Libellen_Leinen_Eingerahmt_Aquarell_Pigment_Lack_160x70cm.jpg 1920w\" sizes=\"(max-width: 1024px) 100vw, 1024px\" \/><\/a>\n\t\t\t<\/div>\n\t\t\t\t<figcaption class='wp-caption-text gallery-caption' id='gallery-1-2028'>\n\t\t\t\tLibellen, Leinen, Eingerahmt, Aquarell, Lack, 160x70cm\n\t\t\t\t<\/figcaption><\/figure><figure class='gallery-item'>\n\t\t\t<div class='gallery-icon landscape'>\n\t\t\t\t<a data-elementor-open-lightbox=\"yes\" data-elementor-lightbox-slideshow=\"c572961\" data-elementor-lightbox-title=\"Die neue Generation, Leinen, Aquarell, \u00d6l, Lack, 110x65 cm\" data-e-action-hash=\"#elementor-action%3Aaction%3Dlightbox%26settings%3DeyJpZCI6MjAyNiwidXJsIjoiaHR0cHM6XC9cL2dhbGVyaWUtbnVkZWwuZGVcL3dwLWNvbnRlbnRcL3VwbG9hZHNcLzIwMjVcLzA4XC9EaWUtbmV1ZS1HZW5lcmF0aW9uLUxlaW5lbi1BcXVhcmVsbC1PZWwtTGFjay0xMTB4NjUtY20uanBnIiwic2xpZGVzaG93IjoiYzU3Mjk2MSJ9\" href='https:\/\/galerie-nudel.de\/wp-content\/uploads\/2025\/08\/Die-neue-Generation-Leinen-Aquarell-Oel-Lack-110x65-cm.jpg'><img loading=\"lazy\" decoding=\"async\" width=\"1024\" height=\"666\" src=\"https:\/\/galerie-nudel.de\/wp-content\/uploads\/2025\/08\/Die-neue-Generation-Leinen-Aquarell-Oel-Lack-110x65-cm-1024x666.jpg\" class=\"attachment-large size-large\" alt=\"\" aria-describedby=\"gallery-1-2026\" srcset=\"https:\/\/galerie-nudel.de\/wp-content\/uploads\/2025\/08\/Die-neue-Generation-Leinen-Aquarell-Oel-Lack-110x65-cm-1024x666.jpg 1024w, https:\/\/galerie-nudel.de\/wp-content\/uploads\/2025\/08\/Die-neue-Generation-Leinen-Aquarell-Oel-Lack-110x65-cm-300x195.jpg 300w, https:\/\/galerie-nudel.de\/wp-content\/uploads\/2025\/08\/Die-neue-Generation-Leinen-Aquarell-Oel-Lack-110x65-cm.jpg 1661w\" sizes=\"(max-width: 1024px) 100vw, 1024px\" \/><\/a>\n\t\t\t<\/div>\n\t\t\t\t<figcaption class='wp-caption-text gallery-caption' id='gallery-1-2026'>\n\t\t\t\tDie neue Generation, Leinen, Aquarell, \u00d6l, Lack, 110&#215;65 cm\n\t\t\t\t<\/figcaption><\/figure><figure class='gallery-item'>\n\t\t\t<div class='gallery-icon landscape'>\n\t\t\t\t<a data-elementor-open-lightbox=\"yes\" data-elementor-lightbox-slideshow=\"c572961\" data-elementor-lightbox-title=\"Bergige Gr\u00e4ser, Triptychon, Leinen, Aquarell, Pigment, Lack, 70x50cm, 70x50cm, 80x50cm\" data-e-action-hash=\"#elementor-action%3Aaction%3Dlightbox%26settings%3DeyJpZCI6MjAyNCwidXJsIjoiaHR0cHM6XC9cL2dhbGVyaWUtbnVkZWwuZGVcL3dwLWNvbnRlbnRcL3VwbG9hZHNcLzIwMjVcLzA4XC9CZXJnaWdlLUdyYWVzZXJfVHJpcHR5Y2hvbl9MZWluZW5fQXF1YXJlbGxfUGlnbWVudF9MYWNrXzcweDUwY21fNzB4NTBjbV84MHg1MGNtLmpwZyIsInNsaWRlc2hvdyI6ImM1NzI5NjEifQ%3D%3D\" href='https:\/\/galerie-nudel.de\/wp-content\/uploads\/2025\/08\/Bergige-Graeser_Triptychon_Leinen_Aquarell_Pigment_Lack_70x50cm_70x50cm_80x50cm.jpg'><img loading=\"lazy\" decoding=\"async\" width=\"1024\" height=\"233\" src=\"https:\/\/galerie-nudel.de\/wp-content\/uploads\/2025\/08\/Bergige-Graeser_Triptychon_Leinen_Aquarell_Pigment_Lack_70x50cm_70x50cm_80x50cm-1024x233.jpg\" class=\"attachment-large size-large\" alt=\"\" aria-describedby=\"gallery-1-2024\" srcset=\"https:\/\/galerie-nudel.de\/wp-content\/uploads\/2025\/08\/Bergige-Graeser_Triptychon_Leinen_Aquarell_Pigment_Lack_70x50cm_70x50cm_80x50cm-1024x233.jpg 1024w, https:\/\/galerie-nudel.de\/wp-content\/uploads\/2025\/08\/Bergige-Graeser_Triptychon_Leinen_Aquarell_Pigment_Lack_70x50cm_70x50cm_80x50cm-300x68.jpg 300w, https:\/\/galerie-nudel.de\/wp-content\/uploads\/2025\/08\/Bergige-Graeser_Triptychon_Leinen_Aquarell_Pigment_Lack_70x50cm_70x50cm_80x50cm.jpg 1920w\" sizes=\"(max-width: 1024px) 100vw, 1024px\" \/><\/a>\n\t\t\t<\/div>\n\t\t\t\t<figcaption class='wp-caption-text gallery-caption' id='gallery-1-2024'>\n\t\t\t\tBergige Gr\u00e4ser, Triptychon, Leinen, Aquarell, Lack,70x50cm, 70x50cm, 80x50cm\n\t\t\t\t<\/figcaption><\/figure><figure class='gallery-item'>\n\t\t\t<div class='gallery-icon landscape'>\n\t\t\t\t<a data-elementor-open-lightbox=\"yes\" data-elementor-lightbox-slideshow=\"c572961\" data-elementor-lightbox-title=\"Chaostheorie, Leinen, Aquarell, Pigment, Lack, 130x70 cm\" data-e-action-hash=\"#elementor-action%3Aaction%3Dlightbox%26settings%3DeyJpZCI6MjAyNSwidXJsIjoiaHR0cHM6XC9cL2dhbGVyaWUtbnVkZWwuZGVcL3dwLWNvbnRlbnRcL3VwbG9hZHNcLzIwMjVcLzA4XC9DaGFvc3RoZW9yaWUtTGVpbmVuLUFxdWFyZWxsLVBpZ21lbnQtTGFjay0xMzB4NzAtY20uanBnIiwic2xpZGVzaG93IjoiYzU3Mjk2MSJ9\" href='https:\/\/galerie-nudel.de\/wp-content\/uploads\/2025\/08\/Chaostheorie-Leinen-Aquarell-Pigment-Lack-130x70-cm.jpg'><img loading=\"lazy\" decoding=\"async\" width=\"1024\" height=\"590\" src=\"https:\/\/galerie-nudel.de\/wp-content\/uploads\/2025\/08\/Chaostheorie-Leinen-Aquarell-Pigment-Lack-130x70-cm-1024x590.jpg\" class=\"attachment-large size-large\" alt=\"\" aria-describedby=\"gallery-1-2025\" srcset=\"https:\/\/galerie-nudel.de\/wp-content\/uploads\/2025\/08\/Chaostheorie-Leinen-Aquarell-Pigment-Lack-130x70-cm-1024x590.jpg 1024w, https:\/\/galerie-nudel.de\/wp-content\/uploads\/2025\/08\/Chaostheorie-Leinen-Aquarell-Pigment-Lack-130x70-cm-300x173.jpg 300w, https:\/\/galerie-nudel.de\/wp-content\/uploads\/2025\/08\/Chaostheorie-Leinen-Aquarell-Pigment-Lack-130x70-cm.jpg 1874w\" sizes=\"(max-width: 1024px) 100vw, 1024px\" \/><\/a>\n\t\t\t<\/div>\n\t\t\t\t<figcaption class='wp-caption-text gallery-caption' id='gallery-1-2025'>\n\t\t\t\tChaostheorie, Leinen, Aquarell, Pigment, Lack, 130&#215;70 cm\n\t\t\t\t<\/figcaption><\/figure><figure class='gallery-item'>\n\t\t\t<div class='gallery-icon landscape'>\n\t\t\t\t<a data-elementor-open-lightbox=\"yes\" data-elementor-lightbox-slideshow=\"c572961\" data-elementor-lightbox-title=\"Sonnenblumen, Vierteilig, Leinen, Aquarell, Pigment,4x55x95cm\" data-e-action-hash=\"#elementor-action%3Aaction%3Dlightbox%26settings%3DeyJpZCI6MjAxMSwidXJsIjoiaHR0cHM6XC9cL2dhbGVyaWUtbnVkZWwuZGVcL3dwLWNvbnRlbnRcL3VwbG9hZHNcLzIwMjVcLzA4XC9Tb25uZW5ibHVtZW5fVmllcnRlaWxpZ19MZWluZW5fQXF1YXJlbGxfUGlnbWVudF81NXg5NWNtLmpwZyIsInNsaWRlc2hvdyI6ImM1NzI5NjEifQ%3D%3D\" href='https:\/\/galerie-nudel.de\/wp-content\/uploads\/2025\/08\/Sonnenblumen_Vierteilig_Leinen_Aquarell_Pigment_55x95cm.jpg'><img loading=\"lazy\" decoding=\"async\" width=\"1024\" height=\"428\" src=\"https:\/\/galerie-nudel.de\/wp-content\/uploads\/2025\/08\/Sonnenblumen_Vierteilig_Leinen_Aquarell_Pigment_55x95cm-1024x428.jpg\" class=\"attachment-large size-large\" alt=\"\" aria-describedby=\"gallery-1-2011\" srcset=\"https:\/\/galerie-nudel.de\/wp-content\/uploads\/2025\/08\/Sonnenblumen_Vierteilig_Leinen_Aquarell_Pigment_55x95cm-1024x428.jpg 1024w, https:\/\/galerie-nudel.de\/wp-content\/uploads\/2025\/08\/Sonnenblumen_Vierteilig_Leinen_Aquarell_Pigment_55x95cm-300x125.jpg 300w, https:\/\/galerie-nudel.de\/wp-content\/uploads\/2025\/08\/Sonnenblumen_Vierteilig_Leinen_Aquarell_Pigment_55x95cm.jpg 1920w\" sizes=\"(max-width: 1024px) 100vw, 1024px\" \/><\/a>\n\t\t\t<\/div>\n\t\t\t\t<figcaption class='wp-caption-text gallery-caption' id='gallery-1-2011'>\n\t\t\t\tSonnenblumen, Vierteilig, Leinen, Aquarell, Pigment, 4 Teile je 55x95cm\n\t\t\t\t<\/figcaption><\/figure><figure class='gallery-item'>\n\t\t\t<div class='gallery-icon landscape'>\n\t\t\t\t<a data-elementor-open-lightbox=\"yes\" data-elementor-lightbox-slideshow=\"c572961\" data-elementor-lightbox-title=\"Stillleben, Leinen, Aquarell, Pigment, Lack, 60x40cm\" data-e-action-hash=\"#elementor-action%3Aaction%3Dlightbox%26settings%3DeyJpZCI6MjY0MywidXJsIjoiaHR0cHM6XC9cL2dhbGVyaWUtbnVkZWwuZGVcL3dwLWNvbnRlbnRcL3VwbG9hZHNcLzIwMjVcLzEyXC9TdGlsbGxlYmVuLUxlaW5lbi1BcXVhcmVsbC1QaWdtZW50LUxhY2stNjB4NDBjbS5qcGciLCJzbGlkZXNob3ciOiJjNTcyOTYxIn0%3D\" href='https:\/\/galerie-nudel.de\/wp-content\/uploads\/2025\/12\/Stillleben-Leinen-Aquarell-Pigment-Lack-60x40cm.jpg'><img loading=\"lazy\" decoding=\"async\" width=\"1024\" height=\"715\" src=\"https:\/\/galerie-nudel.de\/wp-content\/uploads\/2025\/12\/Stillleben-Leinen-Aquarell-Pigment-Lack-60x40cm-1024x715.jpg\" class=\"attachment-large size-large\" alt=\"\" aria-describedby=\"gallery-1-2643\" srcset=\"https:\/\/galerie-nudel.de\/wp-content\/uploads\/2025\/12\/Stillleben-Leinen-Aquarell-Pigment-Lack-60x40cm-1024x715.jpg 1024w, https:\/\/galerie-nudel.de\/wp-content\/uploads\/2025\/12\/Stillleben-Leinen-Aquarell-Pigment-Lack-60x40cm-300x209.jpg 300w, https:\/\/galerie-nudel.de\/wp-content\/uploads\/2025\/12\/Stillleben-Leinen-Aquarell-Pigment-Lack-60x40cm.jpg 1547w\" sizes=\"(max-width: 1024px) 100vw, 1024px\" \/><\/a>\n\t\t\t<\/div>\n\t\t\t\t<figcaption class='wp-caption-text gallery-caption' id='gallery-1-2643'>\n\t\t\t\tStillleben, Leinen, Aquarell, Pigment, Lack, 60x40cm\n\t\t\t\t<\/figcaption><\/figure><figure class='gallery-item'>\n\t\t\t<div class='gallery-icon landscape'>\n\t\t\t\t<a data-elementor-open-lightbox=\"yes\" data-elementor-lightbox-slideshow=\"c572961\" data-elementor-lightbox-title=\"Sommertag, Leinen, Aquarell, \u00d6l, Lack, 88x59cm\" data-e-action-hash=\"#elementor-action%3Aaction%3Dlightbox%26settings%3DeyJpZCI6MjY0MiwidXJsIjoiaHR0cHM6XC9cL2dhbGVyaWUtbnVkZWwuZGVcL3dwLWNvbnRlbnRcL3VwbG9hZHNcLzIwMjVcLzEyXC9Tb21tZXJ0YWctTGVpbmVuLUFxdWFyZWxsLU9lbC1MYWNrLTg4eDU5Y20uanBnIiwic2xpZGVzaG93IjoiYzU3Mjk2MSJ9\" href='https:\/\/galerie-nudel.de\/wp-content\/uploads\/2025\/12\/Sommertag-Leinen-Aquarell-Oel-Lack-88x59cm.jpg'><img loading=\"lazy\" decoding=\"async\" width=\"1024\" height=\"684\" src=\"https:\/\/galerie-nudel.de\/wp-content\/uploads\/2025\/12\/Sommertag-Leinen-Aquarell-Oel-Lack-88x59cm-1024x684.jpg\" class=\"attachment-large size-large\" alt=\"\" aria-describedby=\"gallery-1-2642\" srcset=\"https:\/\/galerie-nudel.de\/wp-content\/uploads\/2025\/12\/Sommertag-Leinen-Aquarell-Oel-Lack-88x59cm-1024x684.jpg 1024w, https:\/\/galerie-nudel.de\/wp-content\/uploads\/2025\/12\/Sommertag-Leinen-Aquarell-Oel-Lack-88x59cm-300x200.jpg 300w, https:\/\/galerie-nudel.de\/wp-content\/uploads\/2025\/12\/Sommertag-Leinen-Aquarell-Oel-Lack-88x59cm.jpg 1617w\" sizes=\"(max-width: 1024px) 100vw, 1024px\" \/><\/a>\n\t\t\t<\/div>\n\t\t\t\t<figcaption class='wp-caption-text gallery-caption' id='gallery-1-2642'>\n\t\t\t\tSommertag, Leinen, Aquarell, \u00d6l, Lack, 88x59cm\n\t\t\t\t<\/figcaption><\/figure><figure class='gallery-item'>\n\t\t\t<div class='gallery-icon landscape'>\n\t\t\t\t<a data-elementor-open-lightbox=\"yes\" data-elementor-lightbox-slideshow=\"c572961\" data-elementor-lightbox-title=\"Sommerhitze, Leinen, Aquarell, \u00d6l, Lack, 88x60cm\" data-e-action-hash=\"#elementor-action%3Aaction%3Dlightbox%26settings%3DeyJpZCI6MjY0MSwidXJsIjoiaHR0cHM6XC9cL2dhbGVyaWUtbnVkZWwuZGVcL3dwLWNvbnRlbnRcL3VwbG9hZHNcLzIwMjVcLzEyXC9Tb21tZXJoaXR6ZS1MZWluZW4tQXF1YXJlbGwtT2VsLUxhY2stODh4NjBjbS5qcGciLCJzbGlkZXNob3ciOiJjNTcyOTYxIn0%3D\" href='https:\/\/galerie-nudel.de\/wp-content\/uploads\/2025\/12\/Sommerhitze-Leinen-Aquarell-Oel-Lack-88x60cm.jpg'><img loading=\"lazy\" decoding=\"async\" width=\"1024\" height=\"715\" src=\"https:\/\/galerie-nudel.de\/wp-content\/uploads\/2025\/12\/Sommerhitze-Leinen-Aquarell-Oel-Lack-88x60cm-1024x715.jpg\" class=\"attachment-large size-large\" alt=\"\" aria-describedby=\"gallery-1-2641\" srcset=\"https:\/\/galerie-nudel.de\/wp-content\/uploads\/2025\/12\/Sommerhitze-Leinen-Aquarell-Oel-Lack-88x60cm-1024x715.jpg 1024w, https:\/\/galerie-nudel.de\/wp-content\/uploads\/2025\/12\/Sommerhitze-Leinen-Aquarell-Oel-Lack-88x60cm-300x210.jpg 300w, https:\/\/galerie-nudel.de\/wp-content\/uploads\/2025\/12\/Sommerhitze-Leinen-Aquarell-Oel-Lack-88x60cm.jpg 1546w\" sizes=\"(max-width: 1024px) 100vw, 1024px\" \/><\/a>\n\t\t\t<\/div>\n\t\t\t\t<figcaption class='wp-caption-text gallery-caption' id='gallery-1-2641'>\n\t\t\t\tSommerhitze, Leinen, Aquarell, \u00d6l, Lack, 88x60cm\n\t\t\t\t<\/figcaption><\/figure><figure class='gallery-item'>\n\t\t\t<div class='gallery-icon landscape'>\n\t\t\t\t<a data-elementor-open-lightbox=\"yes\" data-elementor-lightbox-slideshow=\"c572961\" data-elementor-lightbox-title=\"Sommerfrische, Leinen, Aquarell, Lack, 95x60cm\" data-e-action-hash=\"#elementor-action%3Aaction%3Dlightbox%26settings%3DeyJpZCI6MjY0MCwidXJsIjoiaHR0cHM6XC9cL2dhbGVyaWUtbnVkZWwuZGVcL3dwLWNvbnRlbnRcL3VwbG9hZHNcLzIwMjVcLzEyXC9Tb21tZXJmcmlzY2hlLUxlaW5lbi1BcXVhcmVsbC1MYWNrLTk1eDYwY20uanBnIiwic2xpZGVzaG93IjoiYzU3Mjk2MSJ9\" href='https:\/\/galerie-nudel.de\/wp-content\/uploads\/2025\/12\/Sommerfrische-Leinen-Aquarell-Lack-95x60cm.jpg'><img loading=\"lazy\" decoding=\"async\" width=\"1024\" height=\"644\" src=\"https:\/\/galerie-nudel.de\/wp-content\/uploads\/2025\/12\/Sommerfrische-Leinen-Aquarell-Lack-95x60cm-1024x644.jpg\" class=\"attachment-large size-large\" alt=\"\" aria-describedby=\"gallery-1-2640\" srcset=\"https:\/\/galerie-nudel.de\/wp-content\/uploads\/2025\/12\/Sommerfrische-Leinen-Aquarell-Lack-95x60cm-1024x644.jpg 1024w, https:\/\/galerie-nudel.de\/wp-content\/uploads\/2025\/12\/Sommerfrische-Leinen-Aquarell-Lack-95x60cm-300x189.jpg 300w, https:\/\/galerie-nudel.de\/wp-content\/uploads\/2025\/12\/Sommerfrische-Leinen-Aquarell-Lack-95x60cm.jpg 1717w\" sizes=\"(max-width: 1024px) 100vw, 1024px\" \/><\/a>\n\t\t\t<\/div>\n\t\t\t\t<figcaption class='wp-caption-text gallery-caption' id='gallery-1-2640'>\n\t\t\t\tSommerfrische, Leinen, Aquarell, Lack, 95x60cm\n\t\t\t\t<\/figcaption><\/figure><figure class='gallery-item'>\n\t\t\t<div class='gallery-icon landscape'>\n\t\t\t\t<a data-elementor-open-lightbox=\"yes\" data-elementor-lightbox-slideshow=\"c572961\" data-elementor-lightbox-title=\"Nachtw\u00e4chter, Leinen, \u00d6l, Lack, 121x72cm\" data-e-action-hash=\"#elementor-action%3Aaction%3Dlightbox%26settings%3DeyJpZCI6MjYzOSwidXJsIjoiaHR0cHM6XC9cL2dhbGVyaWUtbnVkZWwuZGVcL3dwLWNvbnRlbnRcL3VwbG9hZHNcLzIwMjVcLzEyXC9OYWNodHdhZWNodGVyLUxlaW5lbi1PZWwtTGFjay0xMjF4NzJjbS5qcGciLCJzbGlkZXNob3ciOiJjNTcyOTYxIn0%3D\" href='https:\/\/galerie-nudel.de\/wp-content\/uploads\/2025\/12\/Nachtwaechter-Leinen-Oel-Lack-121x72cm.jpg'><img loading=\"lazy\" decoding=\"async\" width=\"1024\" height=\"572\" src=\"https:\/\/galerie-nudel.de\/wp-content\/uploads\/2025\/12\/Nachtwaechter-Leinen-Oel-Lack-121x72cm-1024x572.jpg\" class=\"attachment-large size-large\" alt=\"\" aria-describedby=\"gallery-1-2639\" srcset=\"https:\/\/galerie-nudel.de\/wp-content\/uploads\/2025\/12\/Nachtwaechter-Leinen-Oel-Lack-121x72cm-1024x572.jpg 1024w, https:\/\/galerie-nudel.de\/wp-content\/uploads\/2025\/12\/Nachtwaechter-Leinen-Oel-Lack-121x72cm-300x168.jpg 300w, https:\/\/galerie-nudel.de\/wp-content\/uploads\/2025\/12\/Nachtwaechter-Leinen-Oel-Lack-121x72cm.jpg 1920w\" sizes=\"(max-width: 1024px) 100vw, 1024px\" \/><\/a>\n\t\t\t<\/div>\n\t\t\t\t<figcaption class='wp-caption-text gallery-caption' id='gallery-1-2639'>\n\t\t\t\tNachtw\u00e4chter, Leinen, \u00d6l, Lack, 121x72cm\n\t\t\t\t<\/figcaption><\/figure><figure class='gallery-item'>\n\t\t\t<div class='gallery-icon landscape'>\n\t\t\t\t<a data-elementor-open-lightbox=\"yes\" data-elementor-lightbox-slideshow=\"c572961\" data-elementor-lightbox-title=\"Nacht am Fluss, Leinen, \u00d6l, 91x60cm\" data-e-action-hash=\"#elementor-action%3Aaction%3Dlightbox%26settings%3DeyJpZCI6MjYzOCwidXJsIjoiaHR0cHM6XC9cL2dhbGVyaWUtbnVkZWwuZGVcL3dwLWNvbnRlbnRcL3VwbG9hZHNcLzIwMjVcLzEyXC9OYWNodC1hbS1GbHVzcy1MZWluZW4tT2VsLTkxeDYwY20uanBnIiwic2xpZGVzaG93IjoiYzU3Mjk2MSJ9\" href='https:\/\/galerie-nudel.de\/wp-content\/uploads\/2025\/12\/Nacht-am-Fluss-Leinen-Oel-91x60cm.jpg'><img loading=\"lazy\" decoding=\"async\" width=\"1024\" height=\"695\" src=\"https:\/\/galerie-nudel.de\/wp-content\/uploads\/2025\/12\/Nacht-am-Fluss-Leinen-Oel-91x60cm-1024x695.jpg\" class=\"attachment-large size-large\" alt=\"\" aria-describedby=\"gallery-1-2638\" srcset=\"https:\/\/galerie-nudel.de\/wp-content\/uploads\/2025\/12\/Nacht-am-Fluss-Leinen-Oel-91x60cm-1024x695.jpg 1024w, https:\/\/galerie-nudel.de\/wp-content\/uploads\/2025\/12\/Nacht-am-Fluss-Leinen-Oel-91x60cm-300x204.jpg 300w, https:\/\/galerie-nudel.de\/wp-content\/uploads\/2025\/12\/Nacht-am-Fluss-Leinen-Oel-91x60cm.jpg 1591w\" sizes=\"(max-width: 1024px) 100vw, 1024px\" \/><\/a>\n\t\t\t<\/div>\n\t\t\t\t<figcaption class='wp-caption-text gallery-caption' id='gallery-1-2638'>\n\t\t\t\tNacht am Fluss, Leinen, \u00d6l, 91x60cm\n\t\t\t\t<\/figcaption><\/figure><figure class='gallery-item'>\n\t\t\t<div class='gallery-icon landscape'>\n\t\t\t\t<a data-elementor-open-lightbox=\"yes\" data-elementor-lightbox-slideshow=\"c572961\" data-elementor-lightbox-title=\"Mondlicht, Leinen, Aquarell, \u00d6l, Lack, 120x70cm\" data-e-action-hash=\"#elementor-action%3Aaction%3Dlightbox%26settings%3DeyJpZCI6MjYzNywidXJsIjoiaHR0cHM6XC9cL2dhbGVyaWUtbnVkZWwuZGVcL3dwLWNvbnRlbnRcL3VwbG9hZHNcLzIwMjVcLzEyXC9Nb25kbGljaHQtTGVpbmVuLUFxdWFyZWxsLU9lbC1MYWNrLTEyMHg3MGNtLmpwZyIsInNsaWRlc2hvdyI6ImM1NzI5NjEifQ%3D%3D\" href='https:\/\/galerie-nudel.de\/wp-content\/uploads\/2025\/12\/Mondlicht-Leinen-Aquarell-Oel-Lack-120x70cm.jpg'><img loading=\"lazy\" decoding=\"async\" width=\"1024\" height=\"572\" src=\"https:\/\/galerie-nudel.de\/wp-content\/uploads\/2025\/12\/Mondlicht-Leinen-Aquarell-Oel-Lack-120x70cm-1024x572.jpg\" class=\"attachment-large size-large\" alt=\"\" aria-describedby=\"gallery-1-2637\" srcset=\"https:\/\/galerie-nudel.de\/wp-content\/uploads\/2025\/12\/Mondlicht-Leinen-Aquarell-Oel-Lack-120x70cm-1024x572.jpg 1024w, https:\/\/galerie-nudel.de\/wp-content\/uploads\/2025\/12\/Mondlicht-Leinen-Aquarell-Oel-Lack-120x70cm-300x168.jpg 300w, https:\/\/galerie-nudel.de\/wp-content\/uploads\/2025\/12\/Mondlicht-Leinen-Aquarell-Oel-Lack-120x70cm.jpg 1920w\" sizes=\"(max-width: 1024px) 100vw, 1024px\" \/><\/a>\n\t\t\t<\/div>\n\t\t\t\t<figcaption class='wp-caption-text gallery-caption' id='gallery-1-2637'>\n\t\t\t\tMondlicht, Leinen, Aquarell, \u00d6l, Lack, 120x70cm\n\t\t\t\t<\/figcaption><\/figure><figure class='gallery-item'>\n\t\t\t<div class='gallery-icon landscape'>\n\t\t\t\t<a data-elementor-open-lightbox=\"yes\" data-elementor-lightbox-slideshow=\"c572961\" data-elementor-lightbox-title=\"Mohnblumen, Leinen, Aquarell, Pigment, Lack, 120x70cm\" data-e-action-hash=\"#elementor-action%3Aaction%3Dlightbox%26settings%3DeyJpZCI6MjYzNiwidXJsIjoiaHR0cHM6XC9cL2dhbGVyaWUtbnVkZWwuZGVcL3dwLWNvbnRlbnRcL3VwbG9hZHNcLzIwMjVcLzEyXC9Nb2huYmx1bWVuLUxlaW5lbi1BcXVhcmVsbC1QaWdtZW50LUxhY2stMTIweDcwY20uanBnIiwic2xpZGVzaG93IjoiYzU3Mjk2MSJ9\" href='https:\/\/galerie-nudel.de\/wp-content\/uploads\/2025\/12\/Mohnblumen-Leinen-Aquarell-Pigment-Lack-120x70cm.jpg'><img loading=\"lazy\" decoding=\"async\" width=\"1024\" height=\"595\" src=\"https:\/\/galerie-nudel.de\/wp-content\/uploads\/2025\/12\/Mohnblumen-Leinen-Aquarell-Pigment-Lack-120x70cm-1024x595.jpg\" class=\"attachment-large size-large\" alt=\"\" aria-describedby=\"gallery-1-2636\" srcset=\"https:\/\/galerie-nudel.de\/wp-content\/uploads\/2025\/12\/Mohnblumen-Leinen-Aquarell-Pigment-Lack-120x70cm-1024x595.jpg 1024w, https:\/\/galerie-nudel.de\/wp-content\/uploads\/2025\/12\/Mohnblumen-Leinen-Aquarell-Pigment-Lack-120x70cm-300x174.jpg 300w, https:\/\/galerie-nudel.de\/wp-content\/uploads\/2025\/12\/Mohnblumen-Leinen-Aquarell-Pigment-Lack-120x70cm.jpg 1859w\" sizes=\"(max-width: 1024px) 100vw, 1024px\" \/><\/a>\n\t\t\t<\/div>\n\t\t\t\t<figcaption class='wp-caption-text gallery-caption' id='gallery-1-2636'>\n\t\t\t\tMohnblumen, Leinen, Aquarell, Pigment, Lack, 120x70cm\n\t\t\t\t<\/figcaption><\/figure><figure class='gallery-item'>\n\t\t\t<div class='gallery-icon portrait'>\n\t\t\t\t<a data-elementor-open-lightbox=\"yes\" data-elementor-lightbox-slideshow=\"c572961\" data-elementor-lightbox-title=\"Portrait, Leinen, \u00d6l, 52x73 cm\" data-e-action-hash=\"#elementor-action%3Aaction%3Dlightbox%26settings%3DeyJpZCI6MjY0OSwidXJsIjoiaHR0cHM6XC9cL2dhbGVyaWUtbnVkZWwuZGVcL3dwLWNvbnRlbnRcL3VwbG9hZHNcLzIwMjVcLzEyXC9Qb3J0cmFpdC1MZWluZW4tT2VsLTUyeDczLWNtLmpwZyIsInNsaWRlc2hvdyI6ImM1NzI5NjEifQ%3D%3D\" href='https:\/\/galerie-nudel.de\/wp-content\/uploads\/2025\/12\/Portrait-Leinen-Oel-52x73-cm.jpg'><img loading=\"lazy\" decoding=\"async\" width=\"741\" height=\"1024\" src=\"https:\/\/galerie-nudel.de\/wp-content\/uploads\/2025\/12\/Portrait-Leinen-Oel-52x73-cm-741x1024.jpg\" class=\"attachment-large size-large\" alt=\"\" aria-describedby=\"gallery-1-2649\" srcset=\"https:\/\/galerie-nudel.de\/wp-content\/uploads\/2025\/12\/Portrait-Leinen-Oel-52x73-cm-741x1024.jpg 741w, https:\/\/galerie-nudel.de\/wp-content\/uploads\/2025\/12\/Portrait-Leinen-Oel-52x73-cm-217x300.jpg 217w, https:\/\/galerie-nudel.de\/wp-content\/uploads\/2025\/12\/Portrait-Leinen-Oel-52x73-cm.jpg 782w\" sizes=\"(max-width: 741px) 100vw, 741px\" \/><\/a>\n\t\t\t<\/div>\n\t\t\t\t<figcaption class='wp-caption-text gallery-caption' id='gallery-1-2649'>\n\t\t\t\tPortrait, Leinen, \u00d6l, 52&#215;73 cm\n\t\t\t\t<\/figcaption><\/figure><figure class='gallery-item'>\n\t\t\t<div class='gallery-icon landscape'>\n\t\t\t\t<a data-elementor-open-lightbox=\"yes\" data-elementor-lightbox-slideshow=\"c572961\" data-elementor-lightbox-title=\"Viktor Kovalyk, Leinen, Acryl, Innere Bl\u00fcte, Das Werk ist in verschiedenen Gr\u00f6\u00dfen erh\u00e4ltlich\" data-e-action-hash=\"#elementor-action%3Aaction%3Dlightbox%26settings%3DeyJpZCI6MjY2OSwidXJsIjoiaHR0cHM6XC9cL2dhbGVyaWUtbnVkZWwuZGVcL3dwLWNvbnRlbnRcL3VwbG9hZHNcLzIwMjZcLzAyXC9WaWt0b3ItS292YWx5ay1MZWluZW4tQWNyeWwtSW5uZXJlLUJsdWV0ZS5qcGVnIiwic2xpZGVzaG93IjoiYzU3Mjk2MSJ9\" href='https:\/\/galerie-nudel.de\/wp-content\/uploads\/2026\/02\/Viktor-Kovalyk-Leinen-Acryl-Innere-Bluete.jpeg'><img loading=\"lazy\" decoding=\"async\" width=\"1024\" height=\"637\" src=\"https:\/\/galerie-nudel.de\/wp-content\/uploads\/2026\/02\/Viktor-Kovalyk-Leinen-Acryl-Innere-Bluete-1024x637.jpeg\" class=\"attachment-large size-large\" alt=\"\" aria-describedby=\"gallery-1-2669\" srcset=\"https:\/\/galerie-nudel.de\/wp-content\/uploads\/2026\/02\/Viktor-Kovalyk-Leinen-Acryl-Innere-Bluete-1024x637.jpeg 1024w, https:\/\/galerie-nudel.de\/wp-content\/uploads\/2026\/02\/Viktor-Kovalyk-Leinen-Acryl-Innere-Bluete-300x187.jpeg 300w, https:\/\/galerie-nudel.de\/wp-content\/uploads\/2026\/02\/Viktor-Kovalyk-Leinen-Acryl-Innere-Bluete.jpeg 1737w\" sizes=\"(max-width: 1024px) 100vw, 1024px\" \/><\/a>\n\t\t\t<\/div>\n\t\t\t\t<figcaption class='wp-caption-text gallery-caption' id='gallery-1-2669'>\n\t\t\t\tViktor Kovalyk, Leinen, Acryl, Innere Bl\u00fcte, Das Werk ist in verschiedenen Gr\u00f6\u00dfen erh\u00e4ltlich\n\t\t\t\t<\/figcaption><\/figure>\n\t\t<\/div>\n\t\t<\/div>\n\t\t\t\t\t\t<\/div>\n\t\t\t\t<\/div>\n\t\t\t\t\t<\/div>\n\t\t<\/div>\n\t\t\t\t\t<\/div>\n\t\t<\/section>\n\t\t\t\t<\/div>\n\t\t","protected":false},"excerpt":{"rendered":"<p>Viktor Kovalyk Gro\u00dfe Werke Bl\u00fctenrausch, Leinen, Acryl, 135&#215;90 cm, Buntglas Triptychon Blueten, Acryl, Vitrailglas, Lack auf Leinwand, 170x85cm je Teil, plastische Ausfuehrung Mohnblume, Leinen, Acryl, \u00d6l, Lack, 170&#215;86 cm Azurblaue Harmonie, Leinen, Acryl, Buntglas, 145&#215;142 cm Magisches Tal, Acryl, Leinen, 88x57cm Wege ins Licht, 95X55 cm, Acryl, Leinen Apfelbaum in den Bergen abends, 80&#215;54 cm, <a href=\"https:\/\/galerie-nudel.de\/index.php\/viktor-kovalyk\/aktuelle-werke\/\" class=\"more-link\">\u2026\u00a0<span class=\"screen-reader-text\">  Gro\u00dfe Werke<\/span><\/a><\/p>\n","protected":false},"author":1,"featured_media":0,"parent":204,"menu_order":50,"comment_status":"closed","ping_status":"closed","template":"","meta":{"footnotes":""},"class_list":["post-227","page","type-page","status-publish","hentry"],"yoast_head":"<!-- This site is optimized with the Yoast SEO plugin v27.3 - https:\/\/yoast.com\/product\/yoast-seo-wordpress\/ -->\n<title>Gro\u00dfe Werke - Galerie Dirk Nudel<\/title>\n<meta name=\"description\" content=\"Hier sehen Sie Viktor Kovalyk aktuelle Kunstwerke, z.B. Dorfhaus, Mondnacht, Libellen, Schmetterlinge, bergige Gr\u00e4ser, unter den Wolken\" \/>\n<meta name=\"robots\" content=\"index, follow, max-snippet:-1, max-image-preview:large, max-video-preview:-1\" \/>\n<link rel=\"canonical\" href=\"https:\/\/galerie-nudel.de\/index.php\/viktor-kovalyk\/aktuelle-werke\/\" \/>\n<meta property=\"og:locale\" content=\"de_DE\" \/>\n<meta property=\"og:type\" content=\"article\" \/>\n<meta property=\"og:title\" content=\"Gro\u00dfe Werke - Galerie Dirk Nudel\" \/>\n<meta property=\"og:description\" content=\"Hier sehen Sie Viktor Kovalyk aktuelle Kunstwerke, z.B. Dorfhaus, Mondnacht, Libellen, Schmetterlinge, bergige Gr\u00e4ser, unter den Wolken\" \/>\n<meta property=\"og:url\" content=\"https:\/\/galerie-nudel.de\/index.php\/viktor-kovalyk\/aktuelle-werke\/\" \/>\n<meta property=\"og:site_name\" content=\"Galerie Dirk Nudel\" \/>\n<meta property=\"article:modified_time\" content=\"2026-03-18T16:53:50+00:00\" \/>\n<meta property=\"og:image\" content=\"https:\/\/galerie-nudel.de\/wp-content\/uploads\/2026\/03\/Bluetenrausch-Leinen-Acryl-135x90-cm-Buntglas-1024x667.jpg\" \/>\n<meta name=\"twitter:card\" content=\"summary_large_image\" \/>\n<meta name=\"twitter:label1\" content=\"Gesch\u00e4tzte Lesezeit\" \/>\n\t<meta name=\"twitter:data1\" content=\"13\u00a0Minuten\" \/>\n<script type=\"application\/ld+json\" class=\"yoast-schema-graph\">{\"@context\":\"https:\\\/\\\/schema.org\",\"@graph\":[{\"@type\":\"WebPage\",\"@id\":\"https:\\\/\\\/galerie-nudel.de\\\/index.php\\\/viktor-kovalyk\\\/aktuelle-werke\\\/\",\"url\":\"https:\\\/\\\/galerie-nudel.de\\\/index.php\\\/viktor-kovalyk\\\/aktuelle-werke\\\/\",\"name\":\"Gro\u00dfe Werke - Galerie Dirk Nudel\",\"isPartOf\":{\"@id\":\"https:\\\/\\\/galerie-nudel.de\\\/#website\"},\"primaryImageOfPage\":{\"@id\":\"https:\\\/\\\/galerie-nudel.de\\\/index.php\\\/viktor-kovalyk\\\/aktuelle-werke\\\/#primaryimage\"},\"image\":{\"@id\":\"https:\\\/\\\/galerie-nudel.de\\\/index.php\\\/viktor-kovalyk\\\/aktuelle-werke\\\/#primaryimage\"},\"thumbnailUrl\":\"https:\\\/\\\/galerie-nudel.de\\\/wp-content\\\/uploads\\\/2026\\\/03\\\/Bluetenrausch-Leinen-Acryl-135x90-cm-Buntglas-1024x667.jpg\",\"datePublished\":\"2021-03-17T11:58:43+00:00\",\"dateModified\":\"2026-03-18T16:53:50+00:00\",\"description\":\"Hier sehen Sie Viktor Kovalyk aktuelle Kunstwerke, z.B. Dorfhaus, Mondnacht, Libellen, Schmetterlinge, bergige Gr\u00e4ser, unter den Wolken\",\"breadcrumb\":{\"@id\":\"https:\\\/\\\/galerie-nudel.de\\\/index.php\\\/viktor-kovalyk\\\/aktuelle-werke\\\/#breadcrumb\"},\"inLanguage\":\"de\",\"potentialAction\":[{\"@type\":\"ReadAction\",\"target\":[\"https:\\\/\\\/galerie-nudel.de\\\/index.php\\\/viktor-kovalyk\\\/aktuelle-werke\\\/\"]}]},{\"@type\":\"ImageObject\",\"inLanguage\":\"de\",\"@id\":\"https:\\\/\\\/galerie-nudel.de\\\/index.php\\\/viktor-kovalyk\\\/aktuelle-werke\\\/#primaryimage\",\"url\":\"https:\\\/\\\/galerie-nudel.de\\\/wp-content\\\/uploads\\\/2026\\\/03\\\/Bluetenrausch-Leinen-Acryl-135x90-cm-Buntglas.jpg\",\"contentUrl\":\"https:\\\/\\\/galerie-nudel.de\\\/wp-content\\\/uploads\\\/2026\\\/03\\\/Bluetenrausch-Leinen-Acryl-135x90-cm-Buntglas.jpg\",\"width\":1658,\"height\":1080,\"caption\":\"Bl\u00fctenrausch, Leinen, Acryl, 135x90 cm, Buntglas\"},{\"@type\":\"BreadcrumbList\",\"@id\":\"https:\\\/\\\/galerie-nudel.de\\\/index.php\\\/viktor-kovalyk\\\/aktuelle-werke\\\/#breadcrumb\",\"itemListElement\":[{\"@type\":\"ListItem\",\"position\":1,\"name\":\"Startseite\",\"item\":\"https:\\\/\\\/galerie-nudel.de\\\/\"},{\"@type\":\"ListItem\",\"position\":2,\"name\":\"Viktor Kovalyk\",\"item\":\"https:\\\/\\\/galerie-nudel.de\\\/index.php\\\/viktor-kovalyk\\\/\"},{\"@type\":\"ListItem\",\"position\":3,\"name\":\"Gro\u00dfe Werke\"}]},{\"@type\":\"WebSite\",\"@id\":\"https:\\\/\\\/galerie-nudel.de\\\/#website\",\"url\":\"https:\\\/\\\/galerie-nudel.de\\\/\",\"name\":\"Galerie Dirk Nudel\",\"description\":\"\",\"potentialAction\":[{\"@type\":\"SearchAction\",\"target\":{\"@type\":\"EntryPoint\",\"urlTemplate\":\"https:\\\/\\\/galerie-nudel.de\\\/?s={search_term_string}\"},\"query-input\":{\"@type\":\"PropertyValueSpecification\",\"valueRequired\":true,\"valueName\":\"search_term_string\"}}],\"inLanguage\":\"de\"}]}<\/script>\n<!-- \/ Yoast SEO plugin. -->","yoast_head_json":{"title":"Gro\u00dfe Werke - Galerie Dirk Nudel","description":"Hier sehen Sie Viktor Kovalyk aktuelle Kunstwerke, z.B. Dorfhaus, Mondnacht, Libellen, Schmetterlinge, bergige Gr\u00e4ser, unter den Wolken","robots":{"index":"index","follow":"follow","max-snippet":"max-snippet:-1","max-image-preview":"max-image-preview:large","max-video-preview":"max-video-preview:-1"},"canonical":"https:\/\/galerie-nudel.de\/index.php\/viktor-kovalyk\/aktuelle-werke\/","og_locale":"de_DE","og_type":"article","og_title":"Gro\u00dfe Werke - Galerie Dirk Nudel","og_description":"Hier sehen Sie Viktor Kovalyk aktuelle Kunstwerke, z.B. Dorfhaus, Mondnacht, Libellen, Schmetterlinge, bergige Gr\u00e4ser, unter den Wolken","og_url":"https:\/\/galerie-nudel.de\/index.php\/viktor-kovalyk\/aktuelle-werke\/","og_site_name":"Galerie Dirk Nudel","article_modified_time":"2026-03-18T16:53:50+00:00","og_image":[{"url":"https:\/\/galerie-nudel.de\/wp-content\/uploads\/2026\/03\/Bluetenrausch-Leinen-Acryl-135x90-cm-Buntglas-1024x667.jpg","type":"","width":"","height":""}],"twitter_card":"summary_large_image","twitter_misc":{"Gesch\u00e4tzte Lesezeit":"13\u00a0Minuten"},"schema":{"@context":"https:\/\/schema.org","@graph":[{"@type":"WebPage","@id":"https:\/\/galerie-nudel.de\/index.php\/viktor-kovalyk\/aktuelle-werke\/","url":"https:\/\/galerie-nudel.de\/index.php\/viktor-kovalyk\/aktuelle-werke\/","name":"Gro\u00dfe Werke - Galerie Dirk Nudel","isPartOf":{"@id":"https:\/\/galerie-nudel.de\/#website"},"primaryImageOfPage":{"@id":"https:\/\/galerie-nudel.de\/index.php\/viktor-kovalyk\/aktuelle-werke\/#primaryimage"},"image":{"@id":"https:\/\/galerie-nudel.de\/index.php\/viktor-kovalyk\/aktuelle-werke\/#primaryimage"},"thumbnailUrl":"https:\/\/galerie-nudel.de\/wp-content\/uploads\/2026\/03\/Bluetenrausch-Leinen-Acryl-135x90-cm-Buntglas-1024x667.jpg","datePublished":"2021-03-17T11:58:43+00:00","dateModified":"2026-03-18T16:53:50+00:00","description":"Hier sehen Sie Viktor Kovalyk aktuelle Kunstwerke, z.B. Dorfhaus, Mondnacht, Libellen, Schmetterlinge, bergige Gr\u00e4ser, unter den Wolken","breadcrumb":{"@id":"https:\/\/galerie-nudel.de\/index.php\/viktor-kovalyk\/aktuelle-werke\/#breadcrumb"},"inLanguage":"de","potentialAction":[{"@type":"ReadAction","target":["https:\/\/galerie-nudel.de\/index.php\/viktor-kovalyk\/aktuelle-werke\/"]}]},{"@type":"ImageObject","inLanguage":"de","@id":"https:\/\/galerie-nudel.de\/index.php\/viktor-kovalyk\/aktuelle-werke\/#primaryimage","url":"https:\/\/galerie-nudel.de\/wp-content\/uploads\/2026\/03\/Bluetenrausch-Leinen-Acryl-135x90-cm-Buntglas.jpg","contentUrl":"https:\/\/galerie-nudel.de\/wp-content\/uploads\/2026\/03\/Bluetenrausch-Leinen-Acryl-135x90-cm-Buntglas.jpg","width":1658,"height":1080,"caption":"Bl\u00fctenrausch, Leinen, Acryl, 135x90 cm, Buntglas"},{"@type":"BreadcrumbList","@id":"https:\/\/galerie-nudel.de\/index.php\/viktor-kovalyk\/aktuelle-werke\/#breadcrumb","itemListElement":[{"@type":"ListItem","position":1,"name":"Startseite","item":"https:\/\/galerie-nudel.de\/"},{"@type":"ListItem","position":2,"name":"Viktor Kovalyk","item":"https:\/\/galerie-nudel.de\/index.php\/viktor-kovalyk\/"},{"@type":"ListItem","position":3,"name":"Gro\u00dfe Werke"}]},{"@type":"WebSite","@id":"https:\/\/galerie-nudel.de\/#website","url":"https:\/\/galerie-nudel.de\/","name":"Galerie Dirk Nudel","description":"","potentialAction":[{"@type":"SearchAction","target":{"@type":"EntryPoint","urlTemplate":"https:\/\/galerie-nudel.de\/?s={search_term_string}"},"query-input":{"@type":"PropertyValueSpecification","valueRequired":true,"valueName":"search_term_string"}}],"inLanguage":"de"}]}},"_links":{"self":[{"href":"https:\/\/galerie-nudel.de\/index.php\/wp-json\/wp\/v2\/pages\/227","targetHints":{"allow":["GET"]}}],"collection":[{"href":"https:\/\/galerie-nudel.de\/index.php\/wp-json\/wp\/v2\/pages"}],"about":[{"href":"https:\/\/galerie-nudel.de\/index.php\/wp-json\/wp\/v2\/types\/page"}],"author":[{"embeddable":true,"href":"https:\/\/galerie-nudel.de\/index.php\/wp-json\/wp\/v2\/users\/1"}],"replies":[{"embeddable":true,"href":"https:\/\/galerie-nudel.de\/index.php\/wp-json\/wp\/v2\/comments?post=227"}],"version-history":[{"count":10,"href":"https:\/\/galerie-nudel.de\/index.php\/wp-json\/wp\/v2\/pages\/227\/revisions"}],"predecessor-version":[{"id":2691,"href":"https:\/\/galerie-nudel.de\/index.php\/wp-json\/wp\/v2\/pages\/227\/revisions\/2691"}],"up":[{"embeddable":true,"href":"https:\/\/galerie-nudel.de\/index.php\/wp-json\/wp\/v2\/pages\/204"}],"wp:attachment":[{"href":"https:\/\/galerie-nudel.de\/index.php\/wp-json\/wp\/v2\/media?parent=227"}],"curies":[{"name":"wp","href":"https:\/\/api.w.org\/{rel}","templated":true}]}}